{"id":11948,"date":"2026-03-10T10:59:54","date_gmt":"2026-03-10T10:59:54","guid":{"rendered":"https:\/\/conradtulumrivieramaya.com\/?page_id=11948"},"modified":"2026-03-20T10:32:30","modified_gmt":"2026-03-20T10:32:30","slug":"como-llegar","status":"publish","type":"page","link":"https:\/\/conradtulumrivieramaya.com\/es\/como-llegar\/","title":{"rendered":"C\u00f3mo llegar"},"content":{"rendered":"<div class=\"conrad-tulum-cover conrad-tulum-cover--image wp-block-conrad-tulum-cover wp-block-conrad-tulum-cover-\" id=\"conrad-tulum-cover-69f2fb2c5f72c\">\n\t\t<div class=\"conrad-tulum-image-slider conrad-tulum-cover__images  conrad-tulum-image-slider--has-single-image conrad-tulum-cover__images  wp-block-conrad-tulum-image-slider\" id=\"conrad-tulum-image-slider-69f2fb2c5ffca\">\n\t<div class=\"conrad-tulum-image-slider__wrapper swiper\">\n\t\t<div class=\"conrad-tulum-image-slider__list swiper-wrapper\">\n\t\t\t\t\t\t\t\t<div class=\"conrad-tulum-image-slider__item swiper-slide\">\n\t\t\t\t\t\t<div class=\"conrad-tulum-image-slider__item__media\">\n\t\t\t\t\t\t\t<img loading=\"lazy\" decoding=\"async\" width=\"1920\" height=\"1279\" src=\"https:\/\/conradtulumrivieramaya.com\/wp-content\/uploads\/2024\/07\/TULUM-DRONE_0017-v1.webp\" class=\"conrad-tulum-image-slider__item__image\" alt=\"Vista a\u00e9rea tomada con un dron de la piscina y la playa privada, que muestra el lujo del complejo y el impresionante paisaje costero.\" srcset=\"\" \/>\t\t\t\t\t\t<\/div>\n\t\t\t\t\t<\/div>\n\t\t\t\t\t\t\t\t\t\t<div class=\"conrad-tulum-image-slider__item swiper-slide\">\n\t\t\t\t\t\t<div class=\"conrad-tulum-image-slider__item__media\">\n\t\t\t\t\t\t\t<img loading=\"lazy\" decoding=\"async\" width=\"1920\" height=\"1440\" src=\"https:\/\/cdn.conradtulumrivieramaya.com\/wp-content\/uploads\/2026\/03\/20103027\/resort-hero.webp\" class=\"conrad-tulum-image-slider__item__image\" alt=\"Vista a\u00e9rea de un complejo tur\u00edstico frente al mar con edificios, palmeras, una piscina infinita y hileras de tumbonas en una playa de arena blanca.\" srcset=\"\" \/>\t\t\t\t\t\t<\/div>\n\t\t\t\t\t<\/div>\n\t\t\t\t\t\t\t\t\t\t<div class=\"conrad-tulum-image-slider__item swiper-slide\">\n\t\t\t\t\t\t<div class=\"conrad-tulum-image-slider__item__media\">\n\t\t\t\t\t\t\t<img loading=\"lazy\" decoding=\"async\" width=\"2000\" height=\"1498\" src=\"https:\/\/conradtulumrivieramaya.com\/wp-content\/uploads\/2024\/08\/resort-image-02.jpeg\" class=\"conrad-tulum-image-slider__item__image\" alt=\"\" srcset=\"\">\t\t\t\t\t\t<\/div>\n\t\t\t\t\t<\/div>\n\t\t\t\t\t\t\t<\/div>\n\n\t\t\t\t\t<div class=\"swiper-pagination\"><\/div>\n\t\t\t<div class=\"swiper-button-next\"><\/div>\n\t\t\t<div class=\"swiper-button-prev\"><\/div>\n\t\t\t\t<\/div>\n<\/div>\n\t<script type=\"text\/javascript\">\n\t\twindow.addEventListener('DOMContentLoaded', function (event) {\n\t\t\tnew Swiper('#conrad-tulum-image-slider-69f2fb2c5ffca .swiper', {\n\t\t\t\tloop: true,\n\t\t\t\tpagination: {\n\t\t\t\t\tel: '.swiper-pagination',\n\t\t\t\t\tclickable: true,\n\t\t\t\t},\n\t\t\t\tnavigation: {\n\t\t\t\t\tnextEl: '.swiper-button-next',\n\t\t\t\t\tprevEl: '.swiper-button-prev',\n\t\t\t\t},\n\t\t\t\tcenteredSlides: true,\n\t\t\t\tspaceBetween: 0,\n\t\t\t\tbreakpoints: {\n\t\t\t\t\t0: {\n\t\t\t\t\t\tslidesPerView: 1,\n\t\t\t\t\t},\n\t\t\t\t\t600: {\n\t\t\t\t\t\tslidesPerView: '1',\n\t\t\t\t\t},\n\t\t\t\t},\n\t\t\t});\n\t\t});\n\t<\/script>\n\t\t<\/div>\n\t\t\n\n\n<div\n\tstyle=\"margin-top:var(--wp--preset--spacing--prominent);margin-bottom:var(--wp--preset--spacing--prominent);\" class=\"conrad-tulum-image-text conrad-tulum-image-text--prominent conrad-tulum-image-text--show-media-on-left wp-block-conrad-tulum-image-text\" id=\"conrad-tulum-image-text-69f2fb2c63f8f\">\n\n\t<div class=\"conrad-tulum-image-text__media\">\n\t\t<img loading=\"lazy\" decoding=\"async\" width=\"1920\" height=\"1080\" src=\"https:\/\/cdn.conradtulumrivieramaya.com\/wp-content\/uploads\/2025\/06\/30115345\/AMR_CancunCountryClub_Golf_018.webp\" class=\"conrad-tulum-image-text__image\" alt=\"Campo de golf El Tinto Canc\u00fan, Waldorf Astoria Riviera Maya\" srcset=\"https:\/\/cdn.conradtulumrivieramaya.com\/wp-content\/uploads\/2025\/06\/30115345\/AMR_CancunCountryClub_Golf_018.webp 1920w, https:\/\/cdn.conradtulumrivieramaya.com\/wp-content\/uploads\/2025\/06\/30115345\/AMR_CancunCountryClub_Golf_018-300x169.webp 300w, https:\/\/cdn.conradtulumrivieramaya.com\/wp-content\/uploads\/2025\/06\/30115345\/AMR_CancunCountryClub_Golf_018-1024x576.webp 1024w, https:\/\/cdn.conradtulumrivieramaya.com\/wp-content\/uploads\/2025\/06\/30115345\/AMR_CancunCountryClub_Golf_018-768x432.webp 768w, https:\/\/cdn.conradtulumrivieramaya.com\/wp-content\/uploads\/2025\/06\/30115345\/AMR_CancunCountryClub_Golf_018-1536x864.webp 1536w, https:\/\/cdn.conradtulumrivieramaya.com\/wp-content\/uploads\/2025\/06\/30115345\/AMR_CancunCountryClub_Golf_018-18x10.webp 18w\" sizes=\"auto, (max-width: 1920px) 100vw, 1920px\" \/>\t<\/div>\n\n\t<div class=\"conrad-tulum-image-text__content\">\n\t\t<div class=\"conrad-tulum-image-text__content-wrapper\">\n\t\t\t<div class=\"conrad-tulum-image-text__category\">\n\t\t\t\t\t\t\t<\/div>\n\t\t\t\t\t\t\t<h2 class=\"conrad-tulum-image-text__title is-block-title\"><h1>C\u00f3mo llegar al Conrad Tulum Riviera Maya<\/h1><\/h2>\n\t\t\t\t\t\t\t\t\t\t<div class=\"conrad-tulum-image-text__description is-description\">\n\t\t\t\t\t<p>Tras aterrizar en Canc\u00fan, el ritmo comienza a ralentizarse a medida que se despliega la costa y las palmeras se mecen con la brisa marina junto a la carretera. En apenas una hora, llegar\u00e1s al Conrad Tulum Riviera Maya, donde el Caribe se funde con la exuberante selva y el bullicio del viaje se desvanece con el sonido del mar. Ya sea en traslado privado, auto de alquiler, vuelo ch\u00e1rter o yate, cada viaje hasta aqu\u00ed est\u00e1 pensado para que todo fluya a la perfecci\u00f3n desde el primer momento.<\/p>\n\t\t\t\t<\/div>\n\t\t\t\n\t\t\t\t\t<\/div>\n\t<\/div>\n<\/div>\n\n\n<div\n\tstyle=\"margin-top:var(--wp--preset--spacing--regular);margin-bottom:var(--wp--preset--spacing--micro);\" class=\"conrad-tulum-heading-text conrad-tulum-heading-text--centered wp-block-conrad-tulum-heading-text\" id=\"conrad-tulum-heading-text-69f2fb2c65003\">\n\t<div class=\"conrad-tulum-heading-text__text\">\n\t\t<div class=\"conrad-tulum-heading-text__heading\">\n\t\t\t<div class=\"conrad-tulum-heading-text__category\">\n\t\t\t\t\t\t\t<\/div>\n\t\t\t<h2 class=\"conrad-tulum-heading-text__title  is-block-title\">\n\t\t\t\tOpciones de transporte\t\t\t<\/h2>\n\t\t<\/div>\n\n\t\t\t\t\t<div class=\"conrad-tulum-heading-text__description is-description\">\n\t\t\t\t<p>Los traslados privados y los autos de alquiler ofrecen el viaje m\u00e1s fluido y c\u00f3modo desde Canc\u00fan, ideal para los hu\u00e9spedes que desean instalarse sin complicaciones. Para aquellos con un esp\u00edritu m\u00e1s aventurero, llegar en un vuelo ch\u00e1rter o en yate ofrece una perspectiva \u00fanica de la costa, convirtiendo el viaje en s\u00ed mismo en parte de la experiencia.<\/p>\n\t\t\t<\/div>\n\t\t\t\t\t<\/div>\n\n\t\t<div class=\"conrad-tulum-heading-text__action__list is-action-list\">\n\t\t\t\t<div class=\"conrad-tulum-heading-text__action__item is-action-item\">\n\t\t\t<a href=\"https:\/\/conradtulumrivieramaya.com\/es\/alojamiento\/\" class=\"conrad-tulum-heading-text__action__link is-action-link nice-button nice-button--is-regular\" target=\"\">\n\t\t\t\t<span class=\"nice-button__label\">Descubra nuestras opciones de alojamiento<\/span>\n\t\t\t<\/a>\n\t\t<\/div>\n\t\t\t\t\t<\/div>\n\t\t<\/div>\n\t\n\n\n<div\n\tstyle=\"margin-top:var(--wp--preset--spacing--prominent);margin-bottom:var(--wp--preset--spacing--prominent);\" class=\"conrad-tulum-image-text conrad-tulum-image-text--minimalist conrad-tulum-image-text--show-media-on-right wp-block-conrad-tulum-image-text\" id=\"conrad-tulum-image-text-69f2fb2c656e1\">\n\n\t<div class=\"conrad-tulum-image-text__media\">\n\t\t<img loading=\"lazy\" decoding=\"async\" width=\"1080\" height=\"970\" src=\"https:\/\/cdn.conradtulumrivieramaya.com\/wp-content\/uploads\/2026\/03\/10113253\/ARRIVING1-LOBBY_0883_sb2_v3.webp\" class=\"conrad-tulum-image-text__image\" alt=\"Si vienes en auto\" srcset=\"https:\/\/cdn.conradtulumrivieramaya.com\/wp-content\/uploads\/2026\/03\/10113253\/ARRIVING1-LOBBY_0883_sb2_v3.webp 1080w, https:\/\/cdn.conradtulumrivieramaya.com\/wp-content\/uploads\/2026\/03\/10113253\/ARRIVING1-LOBBY_0883_sb2_v3-300x269.webp 300w, https:\/\/cdn.conradtulumrivieramaya.com\/wp-content\/uploads\/2026\/03\/10113253\/ARRIVING1-LOBBY_0883_sb2_v3-1024x920.webp 1024w, https:\/\/cdn.conradtulumrivieramaya.com\/wp-content\/uploads\/2026\/03\/10113253\/ARRIVING1-LOBBY_0883_sb2_v3-768x690.webp 768w, https:\/\/cdn.conradtulumrivieramaya.com\/wp-content\/uploads\/2026\/03\/10113253\/ARRIVING1-LOBBY_0883_sb2_v3-13x12.webp 13w\" sizes=\"auto, (max-width: 1080px) 100vw, 1080px\" \/>\t<\/div>\n\n\t<div class=\"conrad-tulum-image-text__content\">\n\t\t<div class=\"conrad-tulum-image-text__content-wrapper\">\n\t\t\t<div class=\"conrad-tulum-image-text__category\">\n\t\t\t\t\t\t\t<\/div>\n\t\t\t\t\t\t\t<h2 class=\"conrad-tulum-image-text__title is-block-title\">C\u00f3mo llegar en coche<\/h2>\n\t\t\t\t\t\t\t\t\t\t<div class=\"conrad-tulum-image-text__description is-description\">\n\t\t\t\t\t<p style=\"text-align: left\">Viajar en auto es una de las formas m\u00e1s populares de llegar a Tulum y permite a los hu\u00e9spedes explorar la Riviera Maya a su propio ritmo.<\/p>\n<ul style=\"text-align: left\">\n<li><strong>Distancia en coche:<\/strong> A unos 96 km (60 millas) del Aeropuerto Internacional de Canc\u00fan<\/li>\n<li><strong>Tiempo estimado de viaje en auto:<\/strong> Aproximadamente 1 hora y 10 minutos, dependiendo del tr\u00e1fico<\/li>\n<li><a href=\"https:\/\/www.google.com\/maps\/dir\/Tulum,+Quintana+Roo,+M%C3%A9xico\/Aeropuerto+Internacional+de+Canc%C3%BAn,+Carr.+a+Aeropuerto+Canc%C3%BAn,+77500+Canc%C3%BAn,+Q.R.,+M%C3%A9xico\/@20.6268872,-87.4883233,10z\/data=!3m1!4b1!4m14!4m13!1m5!1m1!1s0x8f4fd40310e42a4b:0xeedc0db93ff9ab7!2m2!1d-87.4653502!2d20.2114185!1m5!1m1!1s0x8f4e81bb49b57809:0xe7f7d44da1f07a06!2m2!1d-86.8743844!2d21.0419232!3e0?entry=ttu&amp;g_ep=EgoyMDI2MDMwNS4wIKXMDSoASAFQAw%3D%3D\" target=\"_blank\" rel=\"noopener\"><strong>Ruta recomendada:<\/strong><\/a> Sal del Aeropuerto Internacional de Canc\u00fan y sigue las indicaciones hacia la Carretera Federal 307 Sur, en direcci\u00f3n a Playa del Carmen y Tulum.<\/li>\n<li><strong>Peajes:<\/strong> Hay dos peajes en el trayecto (aproximadamente 1,419 USD en total)<\/li>\n<li><strong>Estacionamiento:<\/strong> A su llegada, se ofrece un servicio gratuito de valet. Tambi\u00e9n hay opciones de estacionamiento sin servicio de valet en el mismo establecimiento.<\/li>\n<li><strong>Accesibilidad:<\/strong> Los veh\u00edculos pueden dejarse directamente en la entrada principal. Hay estacionamiento para personas con discapacidad y asistencia a la llegada disponibles previa solicitud.<\/li>\n<\/ul>\n<p style=\"text-align: left\">Entre las empresas de alquiler de autos disponibles en el Aeropuerto Internacional de Canc\u00fan (CUN) y en Playa del Carmen (PCM) se encuentran Avis, Hertz, Alamo y Sixt.<\/p>\n\t\t\t\t<\/div>\n\t\t\t\n\t\t\t\t\t\t<div class=\"conrad-tulum-image-text__action__list is-action-list\">\n\t\t\t\t\t\t\t<\/div>\n\t\t\t\t\t\t<\/div>\n\t<\/div>\n<\/div>\n\n\n\n<div\n\tstyle=\"margin-top:var(--wp--preset--spacing--prominent);margin-bottom:var(--wp--preset--spacing--regular);\" class=\"conrad-tulum-image-text conrad-tulum-image-text--minimalist conrad-tulum-image-text--show-media-on-left wp-block-conrad-tulum-image-text\" id=\"conrad-tulum-image-text-69f2fb2c66502\">\n\n\t<div class=\"conrad-tulum-image-text__media\">\n\t\t<img loading=\"lazy\" decoding=\"async\" width=\"1920\" height=\"1440\" src=\"https:\/\/conradtulumrivieramaya.com\/wp-content\/uploads\/2024\/10\/ARRIVING-LOBBY_0674-v2.webp\" class=\"conrad-tulum-image-text__image\" alt=\"Llegada de los hu\u00e9spedes al vest\u00edbulo de Conrad Tulum Riviera Maya\" srcset=\"https:\/\/conradtulumrivieramaya.com\/wp-content\/uploads\/2024\/10\/ARRIVING-LOBBY_0674-v2.webp 1920w, https:\/\/conradtulumrivieramaya.com\/wp-content\/uploads\/2024\/10\/ARRIVING-LOBBY_0674-v2-300x225.webp 300w, https:\/\/conradtulumrivieramaya.com\/wp-content\/uploads\/2024\/10\/ARRIVING-LOBBY_0674-v2-1024x768.webp 1024w, https:\/\/conradtulumrivieramaya.com\/wp-content\/uploads\/2024\/10\/ARRIVING-LOBBY_0674-v2-768x576.webp 768w, https:\/\/conradtulumrivieramaya.com\/wp-content\/uploads\/2024\/10\/ARRIVING-LOBBY_0674-v2-1536x1152.webp 1536w, https:\/\/conradtulumrivieramaya.com\/wp-content\/uploads\/2024\/10\/ARRIVING-LOBBY_0674-v2-16x12.webp 16w\" sizes=\"auto, (max-width: 1920px) 100vw, 1920px\" \/>\t<\/div>\n\n\t<div class=\"conrad-tulum-image-text__content\">\n\t\t<div class=\"conrad-tulum-image-text__content-wrapper\">\n\t\t\t<div class=\"conrad-tulum-image-text__category\">\n\t\t\t\t\t\t\t<\/div>\n\t\t\t\t\t\t\t<h2 class=\"conrad-tulum-image-text__title is-block-title\">Traslados privados y servicios con ch\u00f3fer<\/h2>\n\t\t\t\t\t\t\t\t\t\t<div class=\"conrad-tulum-image-text__description is-description\">\n\t\t\t\t\t<p>Para los hu\u00e9spedes que deseen llegar de forma relajada y con servicio puerta a puerta, el equipo de conserjer\u00eda puede organizar traslados privados.<\/p>\n<ul>\n<li><strong>Sedanes y SUV de lujo:<\/strong> Ideal para parejas o viajeros solitarios<\/li>\n<li><strong>Furgonetas ejecutivas:<\/strong> Ideal para familias o grupos peque\u00f1os<\/li>\n<li><strong>Caracter\u00edsticas:<\/strong> Conductores biling\u00fces, servicio de bienvenida en el aeropuerto, paradas panor\u00e1micas opcionales, como cenotes o lugares de inter\u00e9s cultural<\/li>\n<\/ul>\n<p>Para organizar un servicio de transporte privado, p\u00f3ngase en contacto con nuestro servicio de conserjer\u00eda en el: <a href=\"mailto:CUNCI.Guest-Experience@ConradHotels.com\">CUNCI.Guest-Experience@ConradHotels.com <\/a><\/p>\n\t\t\t\t<\/div>\n\t\t\t\n\t\t\t\t\t\t<div class=\"conrad-tulum-image-text__action__list is-action-list\">\n\t\t\t\t\t\t\t\t<div class=\"conrad-tulum-image-text__action__item is-action-item\">\n\t\t\t\t\t<a href=\"https:\/\/www.hilton.com\/en\/hotels\/cunhihh-hilton-tulum-riviera-maya-all-inclusive-resort\/\" class=\"conrad-tulum-image-text__action__link is-action-link nice-button nice-button--is-regular\" target=\"_blank\" rel=\"noopener\">\n\t\t\t\t\t\t<span class=\"nice-button__label\">Visitar el sitio web<\/span>\n\t\t\t\t\t<\/a>\n\t\t\t\t<\/div>\n\t\t\t\t\t\t\t\t\t<\/div>\n\t\t\t\t\t\t<\/div>\n\t<\/div>\n<\/div>\n\n\n\n<div\n\tstyle=\"margin-top:var(--wp--preset--spacing--prominent);margin-bottom:var(--wp--preset--spacing--regular);\" class=\"conrad-tulum-image-text conrad-tulum-image-text--minimalist conrad-tulum-image-text--show-media-on-right wp-block-conrad-tulum-image-text\" id=\"conrad-tulum-image-text-69f2fb2c67add\">\n\n\t<div class=\"conrad-tulum-image-text__media\">\n\t\t<img loading=\"lazy\" decoding=\"async\" width=\"1920\" height=\"1438\" src=\"https:\/\/cdn.conradtulumrivieramaya.com\/wp-content\/uploads\/2025\/12\/03163701\/HILTONTULUMHEROPHOTO-scaled-1.webp\" class=\"conrad-tulum-image-text__image\" alt=\"Resort frente a la playa con piscinas, palmeras, tumbonas y vista al mar a lo largo de una costa curva.\" srcset=\"https:\/\/cdn.conradtulumrivieramaya.com\/wp-content\/uploads\/2025\/12\/03163701\/HILTONTULUMHEROPHOTO-scaled-1.webp 1920w, https:\/\/cdn.conradtulumrivieramaya.com\/wp-content\/uploads\/2025\/12\/03163701\/HILTONTULUMHEROPHOTO-scaled-1-300x225.webp 300w, https:\/\/cdn.conradtulumrivieramaya.com\/wp-content\/uploads\/2025\/12\/03163701\/HILTONTULUMHEROPHOTO-scaled-1-1024x767.webp 1024w, https:\/\/cdn.conradtulumrivieramaya.com\/wp-content\/uploads\/2025\/12\/03163701\/HILTONTULUMHEROPHOTO-scaled-1-768x575.webp 768w, https:\/\/cdn.conradtulumrivieramaya.com\/wp-content\/uploads\/2025\/12\/03163701\/HILTONTULUMHEROPHOTO-scaled-1-1536x1150.webp 1536w, https:\/\/cdn.conradtulumrivieramaya.com\/wp-content\/uploads\/2025\/12\/03163701\/HILTONTULUMHEROPHOTO-scaled-1-16x12.webp 16w\" sizes=\"auto, (max-width: 1920px) 100vw, 1920px\" \/>\t<\/div>\n\n\t<div class=\"conrad-tulum-image-text__content\">\n\t\t<div class=\"conrad-tulum-image-text__content-wrapper\">\n\t\t\t<div class=\"conrad-tulum-image-text__category\">\n\t\t\t\t\t\t\t<\/div>\n\t\t\t\t\t\t\t<h2 class=\"conrad-tulum-image-text__title is-block-title\">Llegada en avi\u00f3n<\/h2>\n\t\t\t\t\t\t\t\t\t\t<div class=\"conrad-tulum-image-text__description is-description\">\n\t\t\t\t\t<p>La principal puerta de entrada internacional a la Riviera Maya es el Aeropuerto Internacional de Canc\u00fan (CUN).<\/p>\n<p>Los vuelos ch\u00e1rter tambi\u00e9n pueden llegar al aeropuerto de Tulum (TMP) o a pistas de aterrizaje regionales cercanas.<\/p>\n<p>Los traslados en helic\u00f3ptero tienen una duraci\u00f3n aproximada de entre 15 y 20 minutos desde Canc\u00fan o Playa del Carmen.<\/p>\n<p>Es necesario reservar con antelaci\u00f3n todos los traslados en avi\u00f3n privado y helic\u00f3ptero.<\/p>\n\t\t\t\t<\/div>\n\t\t\t\n\t\t\t\t\t\t<div class=\"conrad-tulum-image-text__action__list is-action-list\">\n\t\t\t\t\t\t\t\t<div class=\"conrad-tulum-image-text__action__item is-action-item\">\n\t\t\t\t\t<a href=\"https:\/\/conradtulumrivieramaya.com\/es\/restaurantes-bares\/\" class=\"conrad-tulum-image-text__action__link is-action-link nice-button nice-button--is-regular\" target=\"\">\n\t\t\t\t\t\t<span class=\"nice-button__label\">Descubre nuestras opciones gastron\u00f3micas<\/span>\n\t\t\t\t\t<\/a>\n\t\t\t\t<\/div>\n\t\t\t\t\t\t\t\t\t<\/div>\n\t\t\t\t\t\t<\/div>\n\t<\/div>\n<\/div>\n\n\n\n<div\n\tstyle=\"margin-top:var(--wp--preset--spacing--prominent);margin-bottom:var(--wp--preset--spacing--regular);\" class=\"conrad-tulum-image-text conrad-tulum-image-text--minimalist conrad-tulum-image-text--show-media-on-left wp-block-conrad-tulum-image-text\" id=\"conrad-tulum-image-text-69f2fb2c686e2\">\n\n\t<div class=\"conrad-tulum-image-text__media\">\n\t\t<img loading=\"lazy\" decoding=\"async\" width=\"1080\" height=\"970\" src=\"https:\/\/cdn.conradtulumrivieramaya.com\/wp-content\/uploads\/2026\/03\/10114150\/2025_09_25_HILTON_CONRAD_TULUM_STILLS_LOBBY_02584.webp\" class=\"conrad-tulum-image-text__image\" alt=\"Una familia llega al hotel\" srcset=\"https:\/\/cdn.conradtulumrivieramaya.com\/wp-content\/uploads\/2026\/03\/10114150\/2025_09_25_HILTON_CONRAD_TULUM_STILLS_LOBBY_02584.webp 1080w, https:\/\/cdn.conradtulumrivieramaya.com\/wp-content\/uploads\/2026\/03\/10114150\/2025_09_25_HILTON_CONRAD_TULUM_STILLS_LOBBY_02584-300x269.webp 300w, https:\/\/cdn.conradtulumrivieramaya.com\/wp-content\/uploads\/2026\/03\/10114150\/2025_09_25_HILTON_CONRAD_TULUM_STILLS_LOBBY_02584-1024x920.webp 1024w, https:\/\/cdn.conradtulumrivieramaya.com\/wp-content\/uploads\/2026\/03\/10114150\/2025_09_25_HILTON_CONRAD_TULUM_STILLS_LOBBY_02584-768x690.webp 768w, https:\/\/cdn.conradtulumrivieramaya.com\/wp-content\/uploads\/2026\/03\/10114150\/2025_09_25_HILTON_CONRAD_TULUM_STILLS_LOBBY_02584-13x12.webp 13w\" sizes=\"auto, (max-width: 1080px) 100vw, 1080px\" \/>\t<\/div>\n\n\t<div class=\"conrad-tulum-image-text__content\">\n\t\t<div class=\"conrad-tulum-image-text__content-wrapper\">\n\t\t\t<div class=\"conrad-tulum-image-text__category\">\n\t\t\t\t\t\t\t<\/div>\n\t\t\t\t\t\t\t<h2 class=\"conrad-tulum-image-text__title is-block-title\">Servicios de taxi y transporte compartido<\/h2>\n\t\t\t\t\t\t\t\t\t\t<div class=\"conrad-tulum-image-text__description is-description\">\n\t\t\t\t\t<p>Los taxis y algunos servicios de transporte compartido de lujo ofrecen opciones adicionales de transporte desde Canc\u00fan a Tulum.<\/p>\n<ul>\n<li><strong>Taxis del aeropuerto:<\/strong> En el Aeropuerto Internacional de Canc\u00fan hay taxis con tarifa fija disponibles. La duraci\u00f3n estimada del trayecto hasta el Conrad Tulum Riviera Maya es de aproximadamente 1 hora y 45 minutos.<\/li>\n<li><strong>Servicio de transporte compartido de lujo:<\/strong> Uber Black y Lyft Lux operan en Canc\u00fan y Playa del Carmen, aunque la cobertura puede ser limitada.<\/li>\n<\/ul>\n\t\t\t\t<\/div>\n\t\t\t\n\t\t\t\t\t\t<div class=\"conrad-tulum-image-text__action__list is-action-list\">\n\t\t\t\t\t\t\t\t<div class=\"conrad-tulum-image-text__action__item is-action-item\">\n\t\t\t\t\t<a href=\"https:\/\/conradtulumrivieramaya.com\/es\/restaurantes-bares\/\" class=\"conrad-tulum-image-text__action__link is-action-link nice-button nice-button--is-regular\" target=\"\">\n\t\t\t\t\t\t<span class=\"nice-button__label\">Descubre nuestras opciones gastron\u00f3micas<\/span>\n\t\t\t\t\t<\/a>\n\t\t\t\t<\/div>\n\t\t\t\t\t\t\t\t\t<\/div>\n\t\t\t\t\t\t<\/div>\n\t<\/div>\n<\/div>\n\n\n\n<div\n\tstyle=\"margin-top:var(--wp--preset--spacing--prominent);margin-bottom:var(--wp--preset--spacing--regular);\" class=\"conrad-tulum-image-text conrad-tulum-image-text--minimalist conrad-tulum-image-text--show-media-on-right wp-block-conrad-tulum-image-text\" id=\"conrad-tulum-image-text-69f2fb2c69307\">\n\n\t<div class=\"conrad-tulum-image-text__media\">\n\t\t<img loading=\"lazy\" decoding=\"async\" width=\"1920\" height=\"1280\" src=\"https:\/\/cdn.conradtulumrivieramaya.com\/wp-content\/uploads\/2024\/10\/18120337\/LaMore-018-scaled-1-1.webp\" class=\"conrad-tulum-image-text__image\" alt=\"The Yacht Experience Tulum, Conrad Tulum Riviera Maya\" srcset=\"https:\/\/cdn.conradtulumrivieramaya.com\/wp-content\/uploads\/2024\/10\/18120337\/LaMore-018-scaled-1-1.webp 1920w, https:\/\/cdn.conradtulumrivieramaya.com\/wp-content\/uploads\/2024\/10\/18120337\/LaMore-018-scaled-1-1-300x200.webp 300w, https:\/\/cdn.conradtulumrivieramaya.com\/wp-content\/uploads\/2024\/10\/18120337\/LaMore-018-scaled-1-1-1024x683.webp 1024w, https:\/\/cdn.conradtulumrivieramaya.com\/wp-content\/uploads\/2024\/10\/18120337\/LaMore-018-scaled-1-1-768x512.webp 768w, https:\/\/cdn.conradtulumrivieramaya.com\/wp-content\/uploads\/2024\/10\/18120337\/LaMore-018-scaled-1-1-1536x1024.webp 1536w, https:\/\/cdn.conradtulumrivieramaya.com\/wp-content\/uploads\/2024\/10\/18120337\/LaMore-018-scaled-1-1-18x12.webp 18w\" sizes=\"auto, (max-width: 1920px) 100vw, 1920px\" \/>\t<\/div>\n\n\t<div class=\"conrad-tulum-image-text__content\">\n\t\t<div class=\"conrad-tulum-image-text__content-wrapper\">\n\t\t\t<div class=\"conrad-tulum-image-text__category\">\n\t\t\t\t\t\t\t<\/div>\n\t\t\t\t\t\t\t<h2 class=\"conrad-tulum-image-text__title is-block-title\">Llegada en yate o catamar\u00e1n<\/h2>\n\t\t\t\t\t\t\t\t\t\t<div class=\"conrad-tulum-image-text__description is-description\">\n\t\t\t\t\t<p>Los hu\u00e9spedes que lleguen por mar pueden atracar en el puerto deportivo de Puerto Aventuras, desde donde se realiza un traslado en autom\u00f3vil privado de 20 minutos hasta el resort. El equipo de conserjer\u00eda puede coordinar con antelaci\u00f3n el alquiler de yates o catamaranes.<\/p>\n\t\t\t\t<\/div>\n\t\t\t\n\t\t\t\t\t\t<div class=\"conrad-tulum-image-text__action__list is-action-list\">\n\t\t\t\t\t\t\t\t<div class=\"conrad-tulum-image-text__action__item is-action-item\">\n\t\t\t\t\t<a href=\"https:\/\/conradtulumrivieramaya.com\/es\/experiencias\/#!\/\" class=\"conrad-tulum-image-text__action__link is-action-link nice-button nice-button--is-regular\" target=\"\">\n\t\t\t\t\t\t<span class=\"nice-button__label\">Descubre nuestras experiencias destacadas<\/span>\n\t\t\t\t\t<\/a>\n\t\t\t\t<\/div>\n\t\t\t\t\t\t\t\t\t<\/div>\n\t\t\t\t\t\t<\/div>\n\t<\/div>\n<\/div>\n\n\n<div\n\tstyle=\"margin-top:var(--wp--preset--spacing--regular);margin-bottom:var(--wp--preset--spacing--micro);\" class=\"conrad-tulum-heading-text conrad-tulum-heading-text--centered wp-block-conrad-tulum-heading-text\" id=\"conrad-tulum-heading-text-69f2fb2c69e48\">\n\t<div class=\"conrad-tulum-heading-text__text\">\n\t\t<div class=\"conrad-tulum-heading-text__heading\">\n\t\t\t<div class=\"conrad-tulum-heading-text__category\">\n\t\t\t\t\t\t\t<\/div>\n\t\t\t<h2 class=\"conrad-tulum-heading-text__title  is-block-title\">\n\t\t\t\t\u00bfNecesitas ayuda?\t\t\t<\/h2>\n\t\t<\/div>\n\n\t\t\t\t\t<div class=\"conrad-tulum-heading-text__description is-description\">\n\t\t\t\t<p>Nuestro equipo de conserjer\u00eda estar\u00e1 encantado de ayudarle a coordinar el transporte, los detalles de la llegada y cualquier solicitud especial para garantizar que su viaje a Tulum sea tan sencillo como la propia estancia. Si desea obtener respuestas r\u00e1pidas a preguntas frecuentes sobre el viaje, le invitamos a <a href=\"https:\/\/conradtulumrivieramaya.com\/es\/faq\/\">Consulte nuestras preguntas frecuentes<\/a>.<\/p>\n\t\t\t<\/div>\n\t\t\t\t\t<\/div>\n\n\t\t<div class=\"conrad-tulum-heading-text__action__list is-action-list\">\n\t\t\t\t<div class=\"conrad-tulum-heading-text__action__item is-action-item\">\n\t\t\t<a href=\"https:\/\/conradtulumrivieramaya.com\/es\/ofertas\/\" class=\"conrad-tulum-heading-text__action__link is-action-link nice-button nice-button--is-regular\" target=\"\">\n\t\t\t\t<span class=\"nice-button__label\">Reserva tu estancia<\/span>\n\t\t\t<\/a>\n\t\t<\/div>\n\t\t\t\t\t<\/div>\n\t\t<\/div>","protected":false},"excerpt":{"rendered":"","protected":false},"author":2,"featured_media":0,"parent":0,"menu_order":5,"comment_status":"closed","ping_status":"closed","template":"","meta":{"_acf_changed":false,"inline_featured_image":false,"footnotes":""},"class_list":["post-11948","page","type-page","status-publish","hentry"],"acf":[],"_links":{"self":[{"href":"https:\/\/conradtulumrivieramaya.com\/es\/wp-json\/wp\/v2\/pages\/11948","targetHints":{"allow":["GET"]}}],"collection":[{"href":"https:\/\/conradtulumrivieramaya.com\/es\/wp-json\/wp\/v2\/pages"}],"about":[{"href":"https:\/\/conradtulumrivieramaya.com\/es\/wp-json\/wp\/v2\/types\/page"}],"author":[{"embeddable":true,"href":"https:\/\/conradtulumrivieramaya.com\/es\/wp-json\/wp\/v2\/users\/2"}],"replies":[{"embeddable":true,"href":"https:\/\/conradtulumrivieramaya.com\/es\/wp-json\/wp\/v2\/comments?post=11948"}],"version-history":[{"count":36,"href":"https:\/\/conradtulumrivieramaya.com\/es\/wp-json\/wp\/v2\/pages\/11948\/revisions"}],"predecessor-version":[{"id":12031,"href":"https:\/\/conradtulumrivieramaya.com\/es\/wp-json\/wp\/v2\/pages\/11948\/revisions\/12031"}],"wp:attachment":[{"href":"https:\/\/conradtulumrivieramaya.com\/es\/wp-json\/wp\/v2\/media?parent=11948"}],"curies":[{"name":"wp","href":"https:\/\/api.w.org\/{rel}","templated":true}]}}