{"id":292,"date":"2024-08-05T15:27:26","date_gmt":"2024-08-05T15:27:26","guid":{"rendered":"https:\/\/conradtulumrivieramaya.com\/?page_id=292"},"modified":"2026-03-24T10:51:41","modified_gmt":"2026-03-24T10:51:41","slug":"reuniones-eventos","status":"publish","type":"page","link":"https:\/\/conradtulumrivieramaya.com\/es\/reuniones-eventos\/","title":{"rendered":"Eventos"},"content":{"rendered":"<div class=\"conrad-tulum-cover conrad-tulum-cover--image wp-block-conrad-tulum-cover wp-block-conrad-tulum-cover-\" id=\"conrad-tulum-cover-69f1d89ace13d\">\n\t\t<div class=\"conrad-tulum-image-slider conrad-tulum-cover__images  conrad-tulum-image-slider--has-single-image conrad-tulum-cover__images  wp-block-conrad-tulum-image-slider\" id=\"conrad-tulum-image-slider-69f1d89ace942\">\n\t<div class=\"conrad-tulum-image-slider__wrapper swiper\">\n\t\t<div class=\"conrad-tulum-image-slider__list swiper-wrapper\">\n\t\t\t\t\t\t\t\t<div class=\"conrad-tulum-image-slider__item swiper-slide\">\n\t\t\t\t\t\t<div class=\"conrad-tulum-image-slider__item__media\">\n\t\t\t\t\t\t\t<img loading=\"lazy\" decoding=\"async\" width=\"1920\" height=\"1280\" src=\"https:\/\/cdn.conradtulumrivieramaya.com\/wp-content\/uploads\/2024\/11\/13164901\/Conrad-Tulum-Ballroom-Event.jpg\" class=\"conrad-tulum-image-slider__item__image\" alt=\"Evento corporativo en el sal\u00f3n de baile Conrad Tulum\" srcset=\"\" \/>\t\t\t\t\t\t<\/div>\n\t\t\t\t\t<\/div>\n\t\t\t\t\t\t\t<\/div>\n\n\t\t\t\t\t<div class=\"swiper-pagination\"><\/div>\n\t\t\t<div class=\"swiper-button-next\"><\/div>\n\t\t\t<div class=\"swiper-button-prev\"><\/div>\n\t\t\t\t<\/div>\n<\/div>\n\t<script type=\"text\/javascript\">\n\t\twindow.addEventListener('DOMContentLoaded', function (event) {\n\t\t\tnew Swiper('#conrad-tulum-image-slider-69f1d89ace942 .swiper', {\n\t\t\t\tloop: false,\n\t\t\t\tpagination: {\n\t\t\t\t\tel: '.swiper-pagination',\n\t\t\t\t\tclickable: true,\n\t\t\t\t},\n\t\t\t\tnavigation: {\n\t\t\t\t\tnextEl: '.swiper-button-next',\n\t\t\t\t\tprevEl: '.swiper-button-prev',\n\t\t\t\t},\n\t\t\t\tcenteredSlides: true,\n\t\t\t\tspaceBetween: 0,\n\t\t\t\tbreakpoints: {\n\t\t\t\t\t0: {\n\t\t\t\t\t\tslidesPerView: 1,\n\t\t\t\t\t},\n\t\t\t\t\t600: {\n\t\t\t\t\t\tslidesPerView: '1',\n\t\t\t\t\t},\n\t\t\t\t},\n\t\t\t});\n\t\t});\n\t<\/script>\n\t\t<\/div>\n\t\t\n\n<div\n\tstyle=\"margin-top:var(--wp--preset--spacing--prominent);margin-bottom:var(--wp--preset--spacing--prominent);\" class=\"conrad-tulum-heading-text conrad-tulum-heading-text--centered wp-block-conrad-tulum-heading-text\" id=\"conrad-tulum-heading-text-69f1d89ad141a\">\n\t<div class=\"conrad-tulum-heading-text__text\">\n\t\t<div class=\"conrad-tulum-heading-text__heading\">\n\t\t\t<div class=\"conrad-tulum-heading-text__category\">\n\t\t\t\t\t\t\t<\/div>\n\t\t\t<h1 class=\"conrad-tulum-heading-text__title  is-page-title\">\n\t\t\t\tReuniones y eventos\t\t\t<\/h1>\n\t\t<\/div>\n\n\t\t\t\t\t<div class=\"conrad-tulum-heading-text__description is-description\">\n\t\t\t\t<p>Con el \u00fanico centro de eventos construido especialmente para este prop\u00f3sito en los alrededores de Tulum, nuestro hermoso complejo es de f\u00e1cil acceso desde dos aeropuertos internacionales y se encuentra escondido en una bah\u00eda apartada. Nuestra codiciada ubicaci\u00f3n, nuestros servicios de lujo, nuestro personal de nivel internacional, nuestro spa y nuestros restaurantes hacen de Conrad Tulum Riviera Maya el escenario ideal para reuniones corporativas sin complicaciones, conferencias imprescindibles y bodas de ensue\u00f1o.<\/p>\n\t\t\t<\/div>\n\t\t\t\t\t<\/div>\n\n\t\t<div class=\"conrad-tulum-heading-text__action__list is-action-list\">\n\t\t\t\t<div class=\"conrad-tulum-heading-text__action__item is-action-item\">\n\t\t\t<a href=\"mailto:CUNCI.Eventos@ConradHotels.com\" class=\"conrad-tulum-heading-text__action__link is-action-link nice-button nice-button--is-regular\" target=\"_blank\">\n\t\t\t\t<span class=\"nice-button__label\">cont\u00e1ctenos<\/span>\n\t\t\t<\/a>\n\t\t<\/div>\n\t\t\t\t\t<\/div>\n\t\t<\/div>\n\t\n\n\n<div\n\tstyle=\"margin-top:var(--wp--preset--spacing--regular);margin-bottom:var(--wp--preset--spacing--regular);\" class=\"conrad-tulum-features conrad-tulum-features--has-border-line wp-block-conrad-tulum-features\" id=\"conrad-tulum-features-69f1d89ad1c51\">\n\n\t<div class=\"conrad-tulum-features__list\">\n\t\t\t<div class=\"conrad-tulum-features__item\">\n\t\t\t<div class=\"conrad-tulum-features__media\">\n\t\t\t\t<div class=\"conrad-tulum-image-slider conrad-tulum-image-slider--has-single-image wp-block-conrad-tulum-image-slider\" id=\"conrad-tulum-image-slider-69f1d89ad3dcd\">\n\t<div class=\"conrad-tulum-image-slider__wrapper swiper\">\n\t\t<div class=\"conrad-tulum-image-slider__list swiper-wrapper\">\n\t\t\t\t\t\t\t\t<div class=\"conrad-tulum-image-slider__item swiper-slide\">\n\t\t\t\t\t\t<div class=\"conrad-tulum-image-slider__item__media\">\n\t\t\t\t\t\t\t<img loading=\"lazy\" decoding=\"async\" width=\"2560\" height=\"1707\" src=\"https:\/\/cdn.conradtulumrivieramaya.com\/wp-content\/uploads\/2025\/03\/26203834\/Conference-scaled.jpg\" class=\"conrad-tulum-image-slider__item__image\" alt=\"Mujer de negocios en una reuni\u00f3n en Conrad Tulum Riviera Maya\" srcset=\"\" \/>\t\t\t\t\t\t<\/div>\n\t\t\t\t\t<\/div>\n\t\t\t\t\t\t\t\t\t\t<div class=\"conrad-tulum-image-slider__item swiper-slide\">\n\t\t\t\t\t\t<div class=\"conrad-tulum-image-slider__item__media\">\n\t\t\t\t\t\t\t<img loading=\"lazy\" decoding=\"async\" width=\"1920\" height=\"1280\" src=\"https:\/\/conradtulumrivieramaya.com\/wp-content\/uploads\/2024\/09\/Conrad-Tulum-041106.webp\" class=\"conrad-tulum-image-slider__item__image\" alt=\"Moderna sala de reuniones en Conrad Tulum, con elegante mobiliario para reuniones profesionales\" srcset=\"\" \/>\t\t\t\t\t\t<\/div>\n\t\t\t\t\t<\/div>\n\t\t\t\t\t\t\t\t\t\t<div class=\"conrad-tulum-image-slider__item swiper-slide\">\n\t\t\t\t\t\t<div class=\"conrad-tulum-image-slider__item__media\">\n\t\t\t\t\t\t\t<img loading=\"lazy\" decoding=\"async\" width=\"2000\" height=\"1332\" src=\"https:\/\/conradtulumrivieramaya.com\/wp-content\/uploads\/2024\/08\/group-meetings-01.jpg\" class=\"conrad-tulum-image-slider__item__image\" alt=\"\" srcset=\"\">\t\t\t\t\t\t<\/div>\n\t\t\t\t\t<\/div>\n\t\t\t\t\t\t\t<\/div>\n\n\t\t\t\t\t<div class=\"swiper-pagination\"><\/div>\n\t\t\t<div class=\"swiper-button-next\"><\/div>\n\t\t\t<div class=\"swiper-button-prev\"><\/div>\n\t\t\t\t<\/div>\n<\/div>\n\t<script type=\"text\/javascript\">\n\t\twindow.addEventListener('DOMContentLoaded', function (event) {\n\t\t\tnew Swiper('#conrad-tulum-image-slider-69f1d89ad3dcd .swiper', {\n\t\t\t\tloop: true,\n\t\t\t\tpagination: {\n\t\t\t\t\tel: '.swiper-pagination',\n\t\t\t\t\tclickable: true,\n\t\t\t\t},\n\t\t\t\tnavigation: {\n\t\t\t\t\tnextEl: '.swiper-button-next',\n\t\t\t\t\tprevEl: '.swiper-button-prev',\n\t\t\t\t},\n\t\t\t\tcenteredSlides: true,\n\t\t\t\tspaceBetween: 0,\n\t\t\t\tbreakpoints: {\n\t\t\t\t\t0: {\n\t\t\t\t\t\tslidesPerView: 1,\n\t\t\t\t\t},\n\t\t\t\t\t600: {\n\t\t\t\t\t\tslidesPerView: '1',\n\t\t\t\t\t},\n\t\t\t\t},\n\t\t\t});\n\t\t});\n\t<\/script>\n\t\t\t\t<\/div>\n\t\t\t<div class=\"conrad-tulum-features__content\">\n\t\t\t\t\n\t\t\t\t<h2 class=\"conrad-tulum-features__title is-box-title\"\">Reuniones y Eventos para Grupos<\/h2>\n\t\t\t\t<div class=\"conrad-tulum-features__description is-description\">\n\t\t\t\t\t<p>Sea cual sea el evento, ya sea una reuni\u00f3n \u00edntima con los principales interesados o una gran conferencia que atraiga a invitados de todo el mundo, nuestro equipo de profesionales se encargar\u00e1 de cada detalle para asegurar un evento impecable y completamente personalizado que deje un impacto positivo y duradero en todos los asistentes.<\/p>\n\t\t\t\t<\/div>\n\n\t\t\t\t\t\t\t\t<div class=\"conrad-tulum-features__action__list is-action-list\">\n\t\t\t\t\t\t\t\t\t\t<div class=\"conrad-tulum-features__action__item is-action-item\">\n\t\t\t\t\t\t<a href=\"\/es\/reuniones-eventos\/grupos\/\" class=\"conrad-tulum-features__action__link is-action-link nice-button nice-button--is-regular\" target=\"\">\n\t\t\t\t\t\t\t<span class=\"nice-button__label\">M\u00e1s Informaci\u00f3n<\/span>\n\t\t\t\t\t\t<\/a>\n\t\t\t\t\t<\/div>\n\t\t\t\t\t\t\t\t\t\t\t<\/div>\n\t\t\t\t\t\t\t\t<\/div>\n\t\t<\/div>\n\t\t\t\t<div class=\"conrad-tulum-features__item\">\n\t\t\t<div class=\"conrad-tulum-features__media\">\n\t\t\t\t<div class=\"conrad-tulum-image-slider conrad-tulum-image-slider--has-single-image wp-block-conrad-tulum-image-slider\" id=\"conrad-tulum-image-slider-69f1d89ad9a2a\">\n\t<div class=\"conrad-tulum-image-slider__wrapper swiper\">\n\t\t<div class=\"conrad-tulum-image-slider__list swiper-wrapper\">\n\t\t\t\t\t\t\t\t<div class=\"conrad-tulum-image-slider__item swiper-slide\">\n\t\t\t\t\t\t<div class=\"conrad-tulum-image-slider__item__media\">\n\t\t\t\t\t\t\t<img loading=\"lazy\" decoding=\"async\" width=\"1236\" height=\"1920\" src=\"https:\/\/conradtulumrivieramaya.com\/wp-content\/uploads\/2024\/08\/Property-Weddings-43.webp\" class=\"conrad-tulum-image-slider__item__image\" alt=\"La novia posa con elegancia en Conrad Tulum el d\u00eda de su boda, con las impresionantes puertas de madera como tel\u00f3n de fondo.\" srcset=\"\" \/>\t\t\t\t\t\t<\/div>\n\t\t\t\t\t<\/div>\n\t\t\t\t\t\t\t\t\t\t<div class=\"conrad-tulum-image-slider__item swiper-slide\">\n\t\t\t\t\t\t<div class=\"conrad-tulum-image-slider__item__media\">\n\t\t\t\t\t\t\t<img loading=\"lazy\" decoding=\"async\" width=\"1280\" height=\"1920\" src=\"https:\/\/conradtulumrivieramaya.com\/wp-content\/uploads\/2024\/09\/Ceremonies-Weddings-133.webp\" class=\"conrad-tulum-image-slider__item__image\" alt=\"Novia posando elegantemente sobre un asiento estiloso, luciendo su vestido de novia y una expresi\u00f3n de felicidad en su d\u00eda especial.\" srcset=\"\" \/>\t\t\t\t\t\t<\/div>\n\t\t\t\t\t<\/div>\n\t\t\t\t\t\t\t\t\t\t<div class=\"conrad-tulum-image-slider__item swiper-slide\">\n\t\t\t\t\t\t<div class=\"conrad-tulum-image-slider__item__media\">\n\t\t\t\t\t\t\t<img loading=\"lazy\" decoding=\"async\" width=\"1280\" height=\"1920\" src=\"https:\/\/conradtulumrivieramaya.com\/wp-content\/uploads\/2024\/09\/Ceremonies-Weddings-232.webp\" class=\"conrad-tulum-image-slider__item__image\" alt=\"Plato bellamente dispuesto en una mesa de boda en Conrad Tulum, complementado con elegantes cubiertos y acentos decorativos.\" srcset=\"\" \/>\t\t\t\t\t\t<\/div>\n\t\t\t\t\t<\/div>\n\t\t\t\t\t\t\t\t\t\t<div class=\"conrad-tulum-image-slider__item swiper-slide\">\n\t\t\t\t\t\t<div class=\"conrad-tulum-image-slider__item__media\">\n\t\t\t\t\t\t\t<img loading=\"lazy\" decoding=\"async\" width=\"1200\" height=\"1600\" src=\"https:\/\/cdn.conradtulumrivieramaya.com\/wp-content\/uploads\/2025\/12\/03163159\/Ceremonies-Weddings-188.webp\" class=\"conrad-tulum-image-slider__item__image\" alt=\"Mesa de comedor exterior con mantel lavanda, centros de mesa florales, platos con borde dorado y candelabro con flecos\" srcset=\"\" \/>\t\t\t\t\t\t<\/div>\n\t\t\t\t\t<\/div>\n\t\t\t\t\t\t\t\t\t\t<div class=\"conrad-tulum-image-slider__item swiper-slide\">\n\t\t\t\t\t\t<div class=\"conrad-tulum-image-slider__item__media\">\n\t\t\t\t\t\t\t<img loading=\"lazy\" decoding=\"async\" width=\"1200\" height=\"1600\" src=\"https:\/\/cdn.conradtulumrivieramaya.com\/wp-content\/uploads\/2026\/01\/30110647\/Ceremonies-Weddings-51-1.webp\" class=\"conrad-tulum-image-slider__item__image\" alt=\"Novia con vestido blanco sentada junto a una fuente de agua, enmarcada por flores rosas y bolas de discoteca en un lugar al aire libre.\" srcset=\"\" \/>\t\t\t\t\t\t<\/div>\n\t\t\t\t\t<\/div>\n\t\t\t\t\t\t\t<\/div>\n\n\t\t\t\t\t<div class=\"swiper-pagination\"><\/div>\n\t\t\t<div class=\"swiper-button-next\"><\/div>\n\t\t\t<div class=\"swiper-button-prev\"><\/div>\n\t\t\t\t<\/div>\n<\/div>\n\t<script type=\"text\/javascript\">\n\t\twindow.addEventListener('DOMContentLoaded', function (event) {\n\t\t\tnew Swiper('#conrad-tulum-image-slider-69f1d89ad9a2a .swiper', {\n\t\t\t\tloop: true,\n\t\t\t\tpagination: {\n\t\t\t\t\tel: '.swiper-pagination',\n\t\t\t\t\tclickable: true,\n\t\t\t\t},\n\t\t\t\tnavigation: {\n\t\t\t\t\tnextEl: '.swiper-button-next',\n\t\t\t\t\tprevEl: '.swiper-button-prev',\n\t\t\t\t},\n\t\t\t\tcenteredSlides: true,\n\t\t\t\tspaceBetween: 0,\n\t\t\t\tbreakpoints: {\n\t\t\t\t\t0: {\n\t\t\t\t\t\tslidesPerView: 1,\n\t\t\t\t\t},\n\t\t\t\t\t600: {\n\t\t\t\t\t\tslidesPerView: '1',\n\t\t\t\t\t},\n\t\t\t\t},\n\t\t\t});\n\t\t});\n\t<\/script>\n\t\t\t\t<\/div>\n\t\t\t<div class=\"conrad-tulum-features__content\">\n\t\t\t\t\n\t\t\t\t<h2 class=\"conrad-tulum-features__title is-box-title\"\">Bodas y luna de miel<\/h2>\n\t\t\t\t<div class=\"conrad-tulum-features__description is-description\">\n\t\t\t\t\t<p>Entre la exuberante selva y el mar turquesa, le espera la boda de sus sue\u00f1os. Desde intercambios \u00edntimos de votos hasta grandes celebraciones de destino llenas de tradici\u00f3n, nuestros especialistas certificados en bodas trabajar\u00e1n con usted para personalizar una experiencia \u00fanica y significativa que usted y sus invitados nunca olvidar\u00e1n.<\/p>\n\t\t\t\t<\/div>\n\n\t\t\t\t\t\t\t\t<div class=\"conrad-tulum-features__action__list is-action-list\">\n\t\t\t\t\t\t\t\t\t\t<div class=\"conrad-tulum-features__action__item is-action-item\">\n\t\t\t\t\t\t<a href=\"https:\/\/conradtulumrivieramaya.com\/es\/bodas\/\" class=\"conrad-tulum-features__action__link is-action-link nice-button nice-button--is-regular\" target=\"\">\n\t\t\t\t\t\t\t<span class=\"nice-button__label\">M\u00e1s Informaci\u00f3n<\/span>\n\t\t\t\t\t\t<\/a>\n\t\t\t\t\t<\/div>\n\t\t\t\t\t\t\t\t\t\t\t<\/div>\n\t\t\t\t\t\t\t\t<\/div>\n\t\t<\/div>\n\t\t\t\t<div class=\"conrad-tulum-features__item\">\n\t\t\t<div class=\"conrad-tulum-features__media\">\n\t\t\t\t<div class=\"conrad-tulum-image-slider conrad-tulum-image-slider--has-single-image wp-block-conrad-tulum-image-slider\" id=\"conrad-tulum-image-slider-69f1d89adf13f\">\n\t<div class=\"conrad-tulum-image-slider__wrapper swiper\">\n\t\t<div class=\"conrad-tulum-image-slider__list swiper-wrapper\">\n\t\t\t\t\t\t\t\t<div class=\"conrad-tulum-image-slider__item swiper-slide\">\n\t\t\t\t\t\t<div class=\"conrad-tulum-image-slider__item__media\">\n\t\t\t\t\t\t\t<img loading=\"lazy\" decoding=\"async\" width=\"2560\" height=\"1278\" src=\"https:\/\/cdn.conradtulumrivieramaya.com\/wp-content\/uploads\/2025\/03\/26203829\/MeetingConference-scaled.jpg\" class=\"conrad-tulum-image-slider__item__image\" alt=\"Reuniones y Eventos Conrad Tulum Riviera Maya\" srcset=\"\" \/>\t\t\t\t\t\t<\/div>\n\t\t\t\t\t<\/div>\n\t\t\t\t\t\t\t\t\t\t<div class=\"conrad-tulum-image-slider__item swiper-slide\">\n\t\t\t\t\t\t<div class=\"conrad-tulum-image-slider__item__media\">\n\t\t\t\t\t\t\t<img loading=\"lazy\" decoding=\"async\" width=\"1920\" height=\"1280\" src=\"https:\/\/conradtulumrivieramaya.com\/wp-content\/uploads\/2024\/09\/Conrad-Tulum-121502.webp\" class=\"conrad-tulum-image-slider__item__image\" alt=\"Elegante exterior del Centro de Convenciones Tulkal en Conrad Tulum, rodeado de un exuberante paisaje\" srcset=\"\" \/>\t\t\t\t\t\t<\/div>\n\t\t\t\t\t<\/div>\n\t\t\t\t\t\t\t\t\t\t<div class=\"conrad-tulum-image-slider__item swiper-slide\">\n\t\t\t\t\t\t<div class=\"conrad-tulum-image-slider__item__media\">\n\t\t\t\t\t\t\t<img loading=\"lazy\" decoding=\"async\" width=\"1920\" height=\"1280\" src=\"https:\/\/conradtulumrivieramaya.com\/wp-content\/uploads\/2024\/10\/Conrad-Tulum-040805-1-scaled-1.webp\" class=\"conrad-tulum-image-slider__item__image\" alt=\"Sala de reuniones Serrano en el hotel Conrad Tulum Riviera Maya.\" srcset=\"\" \/>\t\t\t\t\t\t<\/div>\n\t\t\t\t\t<\/div>\n\t\t\t\t\t\t\t\t\t\t<div class=\"conrad-tulum-image-slider__item swiper-slide\">\n\t\t\t\t\t\t<div class=\"conrad-tulum-image-slider__item__media\">\n\t\t\t\t\t\t\t<img loading=\"lazy\" decoding=\"async\" width=\"2000\" height=\"1333\" src=\"https:\/\/conradtulumrivieramaya.com\/wp-content\/uploads\/2024\/08\/group-meetings-02.jpg\" class=\"conrad-tulum-image-slider__item__image\" alt=\"Lugares de reuni\u00f3n\" srcset=\"\" \/>\t\t\t\t\t\t<\/div>\n\t\t\t\t\t<\/div>\n\t\t\t\t\t\t\t\t\t\t<div class=\"conrad-tulum-image-slider__item swiper-slide\">\n\t\t\t\t\t\t<div class=\"conrad-tulum-image-slider__item__media\">\n\t\t\t\t\t\t\t<img loading=\"lazy\" decoding=\"async\" width=\"880\" height=\"640\" src=\"https:\/\/conradtulumrivieramaya.com\/wp-content\/uploads\/2024\/08\/meeting-02.jpg\" class=\"conrad-tulum-image-slider__item__image\" alt=\"Amplia sala de conferencias en Conrad Tulum, equipada con elegantes asientos\" srcset=\"\" \/>\t\t\t\t\t\t<\/div>\n\t\t\t\t\t<\/div>\n\t\t\t\t\t\t\t<\/div>\n\n\t\t\t\t\t<div class=\"swiper-pagination\"><\/div>\n\t\t\t<div class=\"swiper-button-next\"><\/div>\n\t\t\t<div class=\"swiper-button-prev\"><\/div>\n\t\t\t\t<\/div>\n<\/div>\n\t<script type=\"text\/javascript\">\n\t\twindow.addEventListener('DOMContentLoaded', function (event) {\n\t\t\tnew Swiper('#conrad-tulum-image-slider-69f1d89adf13f .swiper', {\n\t\t\t\tloop: true,\n\t\t\t\tpagination: {\n\t\t\t\t\tel: '.swiper-pagination',\n\t\t\t\t\tclickable: true,\n\t\t\t\t},\n\t\t\t\tnavigation: {\n\t\t\t\t\tnextEl: '.swiper-button-next',\n\t\t\t\t\tprevEl: '.swiper-button-prev',\n\t\t\t\t},\n\t\t\t\tcenteredSlides: true,\n\t\t\t\tspaceBetween: 0,\n\t\t\t\tbreakpoints: {\n\t\t\t\t\t0: {\n\t\t\t\t\t\tslidesPerView: 1,\n\t\t\t\t\t},\n\t\t\t\t\t600: {\n\t\t\t\t\t\tslidesPerView: '1',\n\t\t\t\t\t},\n\t\t\t\t},\n\t\t\t});\n\t\t});\n\t<\/script>\n\t\t\t\t<\/div>\n\t\t\t<div class=\"conrad-tulum-features__content\">\n\t\t\t\t\n\t\t\t\t<h2 class=\"conrad-tulum-features__title is-box-title\"\">Lugares para Eventos y Detalles<\/h2>\n\t\t\t\t<div class=\"conrad-tulum-features__description is-description\">\n\t\t\t\t\t<p>Damos la bienvenida a sus invitados a 50.000 pies cuadrados de espacio flexible para eventos que incluye sofisticados salones interiores, salas de reuniones y salas de juntas totalmente equipadas, y elegantes terrazas al aire libre y \u00e1reas de reuni\u00f3n frente a la playa, ubicadas directamente frente a las pr\u00edstinas playas de Tulum.<\/p>\n\t\t\t\t<\/div>\n\n\t\t\t\t\t\t\t\t<div class=\"conrad-tulum-features__action__list is-action-list\">\n\t\t\t\t\t\t\t\t\t\t<div class=\"conrad-tulum-features__action__item is-action-item\">\n\t\t\t\t\t\t<a href=\"https:\/\/conradtulumrivieramaya.com\/es\/reuniones-eventos\/lugares\/\" class=\"conrad-tulum-features__action__link is-action-link nice-button nice-button--is-regular\" target=\"\">\n\t\t\t\t\t\t\t<span class=\"nice-button__label\">M\u00e1s Informaci\u00f3n<\/span>\n\t\t\t\t\t\t<\/a>\n\t\t\t\t\t<\/div>\n\t\t\t\t\t\t\t\t\t\t\t<\/div>\n\t\t\t\t\t\t\t\t<\/div>\n\t\t<\/div>\n\t\t\t<\/div>\n<\/div>\n<script type=\"text\/javascript\">\n\t(function() {\n\t\tlet elements = document.querySelectorAll('#conrad-tulum-features-69f1d89ad1c51 .conrad-tulum-features__content');\n\n\t\twindow.addEventListener(\"scroll\", function(){\n\t\t\tfor (var el of elements) {\n\t\t\t\tlet display = window.getComputedStyle(el.closest('.conrad-tulum-features__item'), null).display;\n\t\t\t\tif ( display == 'flex' ) {\n\t\t\t\t\tel.style.opacity = 100 - parseInt( el.getBoundingClientRect().y - window.innerHeight + el.getBoundingClientRect().y \/ 2) + '%';\n\t\t\t\t} else {\n\t\t\t\t\tel.style.opacity = 100;\n\t\t\t\t}\n\n\t\t\t}\n\t\t});\n\t})();\n<\/script>\n\t\n\n\n<div\n\tstyle=\"margin-top:var(--wp--preset--spacing--regular);margin-bottom:var(--wp--preset--spacing--regular);\" class=\"conrad-tulum-image-text conrad-tulum-image-text--regular conrad-tulum-image-text--show-media-on-left wp-block-conrad-tulum-image-text\" id=\"conrad-tulum-image-text-69f1d89ae61dc\">\n\n\t<div class=\"conrad-tulum-image-text__media\">\n\t\t<img loading=\"lazy\" decoding=\"async\" width=\"2560\" height=\"1707\" src=\"https:\/\/cdn.conradtulumrivieramaya.com\/wp-content\/uploads\/2025\/03\/27012318\/Woman-Yoga-Sun-Salutation-scaled.jpg\" class=\"conrad-tulum-image-text__image\" alt=\"Wellness Experiences, Yoga en la playa y saludo al sol, Conrad Tulum Riviera Maya\" srcset=\"https:\/\/cdn.conradtulumrivieramaya.com\/wp-content\/uploads\/2025\/03\/27012318\/Woman-Yoga-Sun-Salutation-scaled.jpg 2560w, https:\/\/cdn.conradtulumrivieramaya.com\/wp-content\/uploads\/2025\/03\/27012318\/Woman-Yoga-Sun-Salutation-300x200.jpg 300w, https:\/\/cdn.conradtulumrivieramaya.com\/wp-content\/uploads\/2025\/03\/27012318\/Woman-Yoga-Sun-Salutation-1024x683.jpg 1024w, https:\/\/cdn.conradtulumrivieramaya.com\/wp-content\/uploads\/2025\/03\/27012318\/Woman-Yoga-Sun-Salutation-768x512.jpg 768w, https:\/\/cdn.conradtulumrivieramaya.com\/wp-content\/uploads\/2025\/03\/27012318\/Woman-Yoga-Sun-Salutation-1536x1024.jpg 1536w, https:\/\/cdn.conradtulumrivieramaya.com\/wp-content\/uploads\/2025\/03\/27012318\/Woman-Yoga-Sun-Salutation-2048x1365.jpg 2048w, https:\/\/cdn.conradtulumrivieramaya.com\/wp-content\/uploads\/2025\/03\/27012318\/Woman-Yoga-Sun-Salutation-18x12.jpg 18w\" sizes=\"auto, (max-width: 2560px) 100vw, 2560px\" \/>\t<\/div>\n\n\t<div class=\"conrad-tulum-image-text__content\">\n\t\t<div class=\"conrad-tulum-image-text__content-wrapper\">\n\t\t\t<div class=\"conrad-tulum-image-text__category\">\n\t\t\t\t\t\t\t\t<div class=\"conrad-tulum-image-text__category-list is-category-list\">\n\t\t\t\t\t\t\t\t\t\t<div class=\"conrad-tulum-image-text__category-item is-subtitle\">\n\t\t\t\t\t\tM\u00e1s es M\u00e1s\t\t\t\t\t<\/div>\n\t\t\t\t\t\t\t\t\t\t\t<\/div>\n\t\t\t\t\t\t\t\t<\/div>\n\t\t\t\t\t\t\t<h2 class=\"conrad-tulum-image-text__title is-block-title\">Mejore su evento con experiencias exclusivas<\/h2>\n\t\t\t\t\t\t\t\t\t\t<div class=\"conrad-tulum-image-text__description is-description\">\n\t\t\t\t\t<p><strong>Crea un Evento Legado en Conrad Tulum Riviera Maya.<\/strong> Eleve la experiencia de su grupo con una oferta exclusiva que triplica su impacto. Nos aseguraremos de que su evento sea neutro en emisiones de carbono y haremos una donaci\u00f3n a una organizaci\u00f3n local sin \u00e1nimo de lucro en honor a su grupo. Como toque especial, podr\u00e1 crear un momento \u00fanico para sus asistentes: una experiencia culinaria \u00fanica, entretenimiento cautivador o una actividad de bienestar revitalizante. Haga de su evento en Conrad Tulum Riviera Maya un testimonio tanto del lujo como del cambio positivo.<\/p>\n<p>Oferta v\u00e1lida para grupos reservados antes del 31 de diciembre de 2025 y actualizados antes del 31 de diciembre de 2025. Para obtener m\u00e1s informaci\u00f3n o reservar, p\u00f3ngase en contacto con su representante de Conrad Tulum Riviera Maya hoy mismo.<\/p>\n\t\t\t\t<\/div>\n\t\t\t\n\t\t\t\t\t\t<div class=\"conrad-tulum-image-text__action__list is-action-list\">\n\t\t\t\t\t\t\t\t<div class=\"conrad-tulum-image-text__action__item is-action-item\">\n\t\t\t\t\t<a href=\"mailto:CUNCI.Eventos@ConradHotels.com\" class=\"conrad-tulum-image-text__action__link is-action-link nice-button nice-button--is-featured\" target=\"_blank\">\n\t\t\t\t\t\t<span class=\"nice-button__label\">Solicitar m\u00e1s informaci\u00f3n<\/span>\n\t\t\t\t\t<\/a>\n\t\t\t\t<\/div>\n\t\t\t\t\t\t\t\t\t<\/div>\n\t\t\t\t\t\t<\/div>\n\t<\/div>\n<\/div>","protected":false},"excerpt":{"rendered":"","protected":false},"author":2,"featured_media":0,"parent":0,"menu_order":17,"comment_status":"closed","ping_status":"closed","template":"","meta":{"_acf_changed":false,"inline_featured_image":false,"footnotes":""},"class_list":["post-292","page","type-page","status-publish","hentry"],"acf":[],"_links":{"self":[{"href":"https:\/\/conradtulumrivieramaya.com\/es\/wp-json\/wp\/v2\/pages\/292","targetHints":{"allow":["GET"]}}],"collection":[{"href":"https:\/\/conradtulumrivieramaya.com\/es\/wp-json\/wp\/v2\/pages"}],"about":[{"href":"https:\/\/conradtulumrivieramaya.com\/es\/wp-json\/wp\/v2\/types\/page"}],"author":[{"embeddable":true,"href":"https:\/\/conradtulumrivieramaya.com\/es\/wp-json\/wp\/v2\/users\/2"}],"replies":[{"embeddable":true,"href":"https:\/\/conradtulumrivieramaya.com\/es\/wp-json\/wp\/v2\/comments?post=292"}],"version-history":[{"count":51,"href":"https:\/\/conradtulumrivieramaya.com\/es\/wp-json\/wp\/v2\/pages\/292\/revisions"}],"predecessor-version":[{"id":12054,"href":"https:\/\/conradtulumrivieramaya.com\/es\/wp-json\/wp\/v2\/pages\/292\/revisions\/12054"}],"wp:attachment":[{"href":"https:\/\/conradtulumrivieramaya.com\/es\/wp-json\/wp\/v2\/media?parent=292"}],"curies":[{"name":"wp","href":"https:\/\/api.w.org\/{rel}","templated":true}]}}