{"id":9630,"date":"2025-07-15T14:45:26","date_gmt":"2025-07-15T14:45:26","guid":{"rendered":"https:\/\/conradtulumrivieramaya.com\/?page_id=9630"},"modified":"2026-02-03T17:15:52","modified_gmt":"2026-02-03T17:15:52","slug":"blog","status":"publish","type":"page","link":"https:\/\/conradtulumrivieramaya.com\/es\/blog\/","title":{"rendered":"Blog"},"content":{"rendered":"<div class=\"conrad-tulum-cover conrad-tulum-cover--image wp-block-conrad-tulum-cover wp-block-conrad-tulum-cover-\" id=\"conrad-tulum-cover-69f2ebddece9c\">\n\t\t<div class=\"conrad-tulum-image-slider conrad-tulum-cover__images conrad-tulum-cover__images--only-desktop conrad-tulum-image-slider--has-single-image conrad-tulum-cover__images conrad-tulum-cover__images--only-desktop wp-block-conrad-tulum-image-slider\" id=\"conrad-tulum-image-slider-69f2ebdded7d0\">\n\t<div class=\"conrad-tulum-image-slider__wrapper swiper\">\n\t\t<div class=\"conrad-tulum-image-slider__list swiper-wrapper\">\n\t\t\t\t\t\t\t\t<div class=\"conrad-tulum-image-slider__item swiper-slide\">\n\t\t\t\t\t\t<div class=\"conrad-tulum-image-slider__item__media\">\n\t\t\t\t\t\t\t<img loading=\"lazy\" decoding=\"async\" width=\"1920\" height=\"1280\" src=\"https:\/\/conradtulumrivieramaya.com\/wp-content\/uploads\/2024\/10\/hilton_Muir_day1-1241.webp\" class=\"conrad-tulum-image-slider__item__image\" alt=\"Amigos brindando en la Fiesta Blanca del hotel Conrad Tulum Riviera Maya\" srcset=\"\" \/>\t\t\t\t\t\t<\/div>\n\t\t\t\t\t<\/div>\n\t\t\t\t\t\t\t<\/div>\n\n\t\t\t\t\t<div class=\"swiper-pagination\"><\/div>\n\t\t\t<div class=\"swiper-button-next\"><\/div>\n\t\t\t<div class=\"swiper-button-prev\"><\/div>\n\t\t\t\t<\/div>\n<\/div>\n\t<script type=\"text\/javascript\">\n\t\twindow.addEventListener('DOMContentLoaded', function (event) {\n\t\t\tnew Swiper('#conrad-tulum-image-slider-69f2ebdded7d0 .swiper', {\n\t\t\t\tloop: false,\n\t\t\t\tpagination: {\n\t\t\t\t\tel: '.swiper-pagination',\n\t\t\t\t\tclickable: true,\n\t\t\t\t},\n\t\t\t\tnavigation: {\n\t\t\t\t\tnextEl: '.swiper-button-next',\n\t\t\t\t\tprevEl: '.swiper-button-prev',\n\t\t\t\t},\n\t\t\t\tcenteredSlides: true,\n\t\t\t\tspaceBetween: 0,\n\t\t\t\tbreakpoints: {\n\t\t\t\t\t0: {\n\t\t\t\t\t\tslidesPerView: 1,\n\t\t\t\t\t},\n\t\t\t\t\t600: {\n\t\t\t\t\t\tslidesPerView: '1',\n\t\t\t\t\t},\n\t\t\t\t},\n\t\t\t});\n\t\t});\n\t<\/script>\n\t<div class=\"conrad-tulum-image-slider conrad-tulum-cover__images conrad-tulum-cover__images--only-mobile conrad-tulum-image-slider--has-single-image conrad-tulum-cover__images conrad-tulum-cover__images--only-mobile wp-block-conrad-tulum-image-slider\" id=\"conrad-tulum-image-slider-69f2ebddee746\">\n\t<div class=\"conrad-tulum-image-slider__wrapper swiper\">\n\t\t<div class=\"conrad-tulum-image-slider__list swiper-wrapper\">\n\t\t\t\t\t\t\t\t<div class=\"conrad-tulum-image-slider__item swiper-slide\">\n\t\t\t\t\t\t<div class=\"conrad-tulum-image-slider__item__media\">\n\t\t\t\t\t\t\t<img loading=\"lazy\" decoding=\"async\" width=\"1920\" height=\"1280\" src=\"https:\/\/conradtulumrivieramaya.com\/wp-content\/uploads\/2024\/10\/hilton_Muir_day1-1241.webp\" class=\"conrad-tulum-image-slider__item__image\" alt=\"Amigos brindando en la Fiesta Blanca del hotel Conrad Tulum Riviera Maya\" srcset=\"\" \/>\t\t\t\t\t\t<\/div>\n\t\t\t\t\t<\/div>\n\t\t\t\t\t\t\t<\/div>\n\n\t\t\t\t\t<div class=\"swiper-pagination\"><\/div>\n\t\t\t<div class=\"swiper-button-next\"><\/div>\n\t\t\t<div class=\"swiper-button-prev\"><\/div>\n\t\t\t\t<\/div>\n<\/div>\n\t<script type=\"text\/javascript\">\n\t\twindow.addEventListener('DOMContentLoaded', function (event) {\n\t\t\tnew Swiper('#conrad-tulum-image-slider-69f2ebddee746 .swiper', {\n\t\t\t\tloop: false,\n\t\t\t\tpagination: {\n\t\t\t\t\tel: '.swiper-pagination',\n\t\t\t\t\tclickable: true,\n\t\t\t\t},\n\t\t\t\tnavigation: {\n\t\t\t\t\tnextEl: '.swiper-button-next',\n\t\t\t\t\tprevEl: '.swiper-button-prev',\n\t\t\t\t},\n\t\t\t\tcenteredSlides: true,\n\t\t\t\tspaceBetween: 0,\n\t\t\t\tbreakpoints: {\n\t\t\t\t\t0: {\n\t\t\t\t\t\tslidesPerView: 1,\n\t\t\t\t\t},\n\t\t\t\t\t600: {\n\t\t\t\t\t\tslidesPerView: '1',\n\t\t\t\t\t},\n\t\t\t\t},\n\t\t\t});\n\t\t});\n\t<\/script>\n\t\t<\/div>\n\t\t\n\n\n<div style=\"height:100px\" aria-hidden=\"true\" class=\"wp-block-spacer\"><\/div>\n\n\n\n<div\n\tclass=\"conrad-tulum-image-text conrad-tulum-image-text--minimalist conrad-tulum-image-text--show-media-on-right wp-block-conrad-tulum-image-text\" id=\"conrad-tulum-image-text-69f2ebddf0947\">\n\n\t<div class=\"conrad-tulum-image-text__media\">\n\t\t<img loading=\"lazy\" decoding=\"async\" width=\"1920\" height=\"1280\" src=\"https:\/\/cdn.conradtulumrivieramaya.com\/wp-content\/uploads\/2026\/01\/14155619\/hilton_Muir_day1-1287-1-scaled-1.webp\" class=\"conrad-tulum-image-text__image\" alt=\"Tres mujeres paseando entre la exuberante vegetaci\u00f3n tropical de la Riviera Maya, vestidas con atuendos ligeros y veraniegos.\" srcset=\"https:\/\/cdn.conradtulumrivieramaya.com\/wp-content\/uploads\/2026\/01\/14155619\/hilton_Muir_day1-1287-1-scaled-1.webp 1920w, https:\/\/cdn.conradtulumrivieramaya.com\/wp-content\/uploads\/2026\/01\/14155619\/hilton_Muir_day1-1287-1-scaled-1-300x200.webp 300w, https:\/\/cdn.conradtulumrivieramaya.com\/wp-content\/uploads\/2026\/01\/14155619\/hilton_Muir_day1-1287-1-scaled-1-1024x683.webp 1024w, https:\/\/cdn.conradtulumrivieramaya.com\/wp-content\/uploads\/2026\/01\/14155619\/hilton_Muir_day1-1287-1-scaled-1-768x512.webp 768w, https:\/\/cdn.conradtulumrivieramaya.com\/wp-content\/uploads\/2026\/01\/14155619\/hilton_Muir_day1-1287-1-scaled-1-1536x1024.webp 1536w, https:\/\/cdn.conradtulumrivieramaya.com\/wp-content\/uploads\/2026\/01\/14155619\/hilton_Muir_day1-1287-1-scaled-1-18x12.webp 18w\" sizes=\"auto, (max-width: 1920px) 100vw, 1920px\" \/>\t<\/div>\n\n\t<div class=\"conrad-tulum-image-text__content\">\n\t\t<div class=\"conrad-tulum-image-text__content-wrapper\">\n\t\t\t<div class=\"conrad-tulum-image-text__category\">\n\t\t\t\t\t\t\t<\/div>\n\t\t\t\t\t\t\t<h2 class=\"conrad-tulum-image-text__title is-block-title\"><h1>Desde Conrad Tulum Riviera Maya<\/h1><\/h2>\n\t\t\t\t\t\t\t\t\t\t<div class=\"conrad-tulum-image-text__description is-description\">\n\t\t\t\t\t<p>En Conrad Tulum, cada estancia cuenta una historia, y cada hu\u00e9sped escribe su propio cap\u00edtulo en el para\u00edso. \u00bfTienes tu propia historia inolvidable en Conrad Tulum Riviera Maya? Comp\u00e1rtela con nosotros y podr\u00e1s ganar una estancia de 3 noches en el para\u00edso.<\/p>\n\t\t\t\t<\/div>\n\t\t\t\n\t\t\t\t\t\t<div class=\"conrad-tulum-image-text__action__list is-action-list\">\n\t\t\t\t\t\t\t\t<div class=\"conrad-tulum-image-text__action__item is-action-item\">\n\t\t\t\t\t<a href=\"mailto:%20CUNCI.MKT@ConradHotels.com?subject=Conrad%20Tulum%20Blog\" class=\"conrad-tulum-image-text__action__link is-action-link nice-button nice-button--is-regular\" target=\"\">\n\t\t\t\t\t\t<span class=\"nice-button__label\">CONT\u00c1CTENOS <\/span>\n\t\t\t\t\t<\/a>\n\t\t\t\t<\/div>\n\t\t\t\t\t\t\t\t\t<\/div>\n\t\t\t\t\t\t<\/div>\n\t<\/div>\n<\/div>\n\n\n\n<div style=\"height:50px\" aria-hidden=\"true\" class=\"wp-block-spacer\"><\/div>\n\n\n\t<div\n\t\tclass=\"conrad-tulum-blog wp-block-conrad-tulum-blog-list\" id=\"conrad-tulum-blog-69f2ebddf270f\"\t>\n\t\t<div class=\"conrad-tulum-blog__media-list\">\n\t\t\t\t\t\t\t<div class=\"conrad-tulum-blog__media-item\">\n\t\t\t\t\t<img loading=\"lazy\" decoding=\"async\" width=\"1024\" height=\"681\" src=\"https:\/\/cdn.conradtulumrivieramaya.com\/wp-content\/uploads\/2024\/10\/18113735\/Tulum-scaled-1-1-1024x681.webp\" class=\"conrad-tulum-blog__media-image\" alt=\"Por qu\u00e9 Tulum debe formar parte de un viaje a la Copa del Mundo de 2026\" srcset=\"https:\/\/cdn.conradtulumrivieramaya.com\/wp-content\/uploads\/2024\/10\/18113735\/Tulum-scaled-1-1-1024x681.webp 1024w, https:\/\/cdn.conradtulumrivieramaya.com\/wp-content\/uploads\/2024\/10\/18113735\/Tulum-scaled-1-1-300x200.webp 300w, https:\/\/cdn.conradtulumrivieramaya.com\/wp-content\/uploads\/2024\/10\/18113735\/Tulum-scaled-1-1-768x511.webp 768w, https:\/\/cdn.conradtulumrivieramaya.com\/wp-content\/uploads\/2024\/10\/18113735\/Tulum-scaled-1-1-1536x1022.webp 1536w, https:\/\/cdn.conradtulumrivieramaya.com\/wp-content\/uploads\/2024\/10\/18113735\/Tulum-scaled-1-1-18x12.webp 18w, https:\/\/cdn.conradtulumrivieramaya.com\/wp-content\/uploads\/2024\/10\/18113735\/Tulum-scaled-1-1.webp 1920w\" sizes=\"auto, (max-width: 1024px) 100vw, 1024px\" \/>\t\t\t\t\t<div class=\"conrad-tulum-blog__content\">\n\t\t\t\t\t\t<h2 class=\"conrad-tulum-blog__title is-box-title\">\n\t\t\t\t\t\t\t<a href=\"https:\/\/conradtulumrivieramaya.com\/es\/blog\/copa-del-mundo-2026-mexico-tulum\/\">Por qu\u00e9 Tulum debe formar parte de un viaje a la Copa del Mundo de 2026<\/a>\n\t\t\t\t\t\t<\/h2>\n\t\t\t\t\t\t<div class=\"conrad-tulum-blog__description is-description\">\n\t\t\t\t\t\t\t<p>En 2026, M\u00e9xico acoger\u00e1 uno de los eventos mundiales m\u00e1s esperados, que atraer\u00e1 a viajeros de todos los continentes para compartir un momento de gran magnitud, dinamismo y energ\u00eda colectiva. La Copa Mundial de la FIFA aporta intensidad y emoci\u00f3n, pero para muchos viajeros, el viaje no termina cuando suena el pitido final. Contin\u00faa en lugares que invitan a [\u2026]<\/p>\n\t\t\t\t\t\t<\/div>\n\n\t\t\t\t\t\t<div class=\"conrad-tulum-blog__link-list\">\n\t\t\t\t\t\t\t<div class=\"conrad-tulum-blog__link-item\">\n\t\t\t\t\t\t\t\t<a href=\"https:\/\/conradtulumrivieramaya.com\/es\/blog\/copa-del-mundo-2026-mexico-tulum\/\" class=\"resource__item-action-item-link is-action-link nice-button nice-button--is-regular\" rel=\"noopener\">\n\t\t\t\t\t\t\t\t\t<span class=\"nice-button__label\">Seguir leyendo<\/span>\n\t\t\t\t\t\t\t\t<\/a>\n\t\t\t\t\t\t\t<\/div>\n\t\t\t\t\t\t<\/div>\n\t\t\t\t\t<\/div>\n\t\t\t\t<\/div>\n\t\t\t\t\t\t\t\t<div class=\"conrad-tulum-blog__media-item\">\n\t\t\t\t\t<img loading=\"lazy\" decoding=\"async\" width=\"768\" height=\"1024\" src=\"https:\/\/cdn.conradtulumrivieramaya.com\/wp-content\/uploads\/2025\/11\/14155330\/IMG_6431-768x1024.webp\" class=\"conrad-tulum-blog__media-image\" alt=\"Hospitalidad y lujo: un viaje de madre e hijas al Conrad Tulum\" srcset=\"https:\/\/cdn.conradtulumrivieramaya.com\/wp-content\/uploads\/2025\/11\/14155330\/IMG_6431-768x1024.webp 768w, https:\/\/cdn.conradtulumrivieramaya.com\/wp-content\/uploads\/2025\/11\/14155330\/IMG_6431-225x300.webp 225w, https:\/\/cdn.conradtulumrivieramaya.com\/wp-content\/uploads\/2025\/11\/14155330\/IMG_6431-1152x1536.webp 1152w, https:\/\/cdn.conradtulumrivieramaya.com\/wp-content\/uploads\/2025\/11\/14155330\/IMG_6431-9x12.webp 9w, https:\/\/cdn.conradtulumrivieramaya.com\/wp-content\/uploads\/2025\/11\/14155330\/IMG_6431.webp 1440w\" sizes=\"auto, (max-width: 768px) 100vw, 768px\" \/>\t\t\t\t\t<div class=\"conrad-tulum-blog__content\">\n\t\t\t\t\t\t<h2 class=\"conrad-tulum-blog__title is-box-title\">\n\t\t\t\t\t\t\t<a href=\"https:\/\/conradtulumrivieramaya.com\/es\/blog\/un-viaje-entre-madres-e-hijas-lujoso-y-acogedor\/\">Hospitalidad y lujo: un viaje de madre e hijas al Conrad Tulum<\/a>\n\t\t\t\t\t\t<\/h2>\n\t\t\t\t\t\t<div class=\"conrad-tulum-blog__description is-description\">\n\t\t\t\t\t\t\t<p>Ver la cara de mi mam\u00e1 fue lo mejor de todo. Al verla, con la boca abierta, paseando por el vest\u00edbulo y grabando cada detalle de la decoraci\u00f3n del D\u00eda de los Muertos, supe de inmediato que nos esperaba una experiencia incre\u00edble durante nuestra estancia de cinco d\u00edas. Y vaya si as\u00ed fue. El registro de entrada fue muy ajetreado, ya que un hu\u00e9sped muy famoso estaba [\u2026]<\/p>\n\t\t\t\t\t\t<\/div>\n\n\t\t\t\t\t\t<div class=\"conrad-tulum-blog__link-list\">\n\t\t\t\t\t\t\t<div class=\"conrad-tulum-blog__link-item\">\n\t\t\t\t\t\t\t\t<a href=\"https:\/\/conradtulumrivieramaya.com\/es\/blog\/un-viaje-entre-madres-e-hijas-lujoso-y-acogedor\/\" class=\"resource__item-action-item-link is-action-link nice-button nice-button--is-regular\" rel=\"noopener\">\n\t\t\t\t\t\t\t\t\t<span class=\"nice-button__label\">Seguir leyendo<\/span>\n\t\t\t\t\t\t\t\t<\/a>\n\t\t\t\t\t\t\t<\/div>\n\t\t\t\t\t\t<\/div>\n\t\t\t\t\t<\/div>\n\t\t\t\t<\/div>\n\t\t\t\t\t\t\t\t<div class=\"conrad-tulum-blog__media-item\">\n\t\t\t\t\t<img loading=\"lazy\" decoding=\"async\" width=\"1024\" height=\"683\" src=\"https:\/\/conradtulumrivieramaya.com\/wp-content\/uploads\/2024\/08\/Chaak-Bar-1-1024x683.webp\" class=\"conrad-tulum-blog__media-image\" alt=\"Chaak bar presenta: Noche de los Dioses Mayas\" srcset=\"https:\/\/conradtulumrivieramaya.com\/wp-content\/uploads\/2024\/08\/Chaak-Bar-1-1024x683.webp 1024w, https:\/\/conradtulumrivieramaya.com\/wp-content\/uploads\/2024\/08\/Chaak-Bar-1-300x200.webp 300w, https:\/\/conradtulumrivieramaya.com\/wp-content\/uploads\/2024\/08\/Chaak-Bar-1-768x512.webp 768w, https:\/\/conradtulumrivieramaya.com\/wp-content\/uploads\/2024\/08\/Chaak-Bar-1-1536x1024.webp 1536w, https:\/\/conradtulumrivieramaya.com\/wp-content\/uploads\/2024\/08\/Chaak-Bar-1-18x12.webp 18w, https:\/\/conradtulumrivieramaya.com\/wp-content\/uploads\/2024\/08\/Chaak-Bar-1.webp 1920w\" sizes=\"auto, (max-width: 1024px) 100vw, 1024px\" \/>\t\t\t\t\t<div class=\"conrad-tulum-blog__content\">\n\t\t\t\t\t\t<h2 class=\"conrad-tulum-blog__title is-box-title\">\n\t\t\t\t\t\t\t<a href=\"https:\/\/conradtulumrivieramaya.com\/es\/blog\/chaak-bar\/\">Chaak bar presenta: Noche de los Dioses Mayas<\/a>\n\t\t\t\t\t\t<\/h2>\n\t\t\t\t\t\t<div class=\"conrad-tulum-blog__description is-description\">\n\t\t\t\t\t\t\t<p>Misticismo en cada copa. Concepto general: Una vez al mes, las puertas del tiempo se abren en Chaak Bar para rendir homenaje a las deidades mayas a trav\u00e9s de un ritual moderno: la mixolog\u00eda.Inspirada en la cosmovisi\u00f3n ancestral, esta experiencia revive el poder, la sabidur\u00eda y el misticismo de los dioses, donde cada c\u00f3ctel cuenta una historia sagrada.Desde el trueno ahumado de Chaac [...]<\/p>\n\t\t\t\t\t\t<\/div>\n\n\t\t\t\t\t\t<div class=\"conrad-tulum-blog__link-list\">\n\t\t\t\t\t\t\t<div class=\"conrad-tulum-blog__link-item\">\n\t\t\t\t\t\t\t\t<a href=\"https:\/\/conradtulumrivieramaya.com\/es\/blog\/chaak-bar\/\" class=\"resource__item-action-item-link is-action-link nice-button nice-button--is-regular\" rel=\"noopener\">\n\t\t\t\t\t\t\t\t\t<span class=\"nice-button__label\">Seguir leyendo<\/span>\n\t\t\t\t\t\t\t\t<\/a>\n\t\t\t\t\t\t\t<\/div>\n\t\t\t\t\t\t<\/div>\n\t\t\t\t\t<\/div>\n\t\t\t\t<\/div>\n\t\t\t\t\t\t\t\t<div class=\"conrad-tulum-blog__media-item\">\n\t\t\t\t\t<img loading=\"lazy\" decoding=\"async\" width=\"1024\" height=\"799\" src=\"https:\/\/cdn.conradtulumrivieramaya.com\/wp-content\/uploads\/2025\/09\/01201200\/Conrad-Tulum-1-1024x799.jpg\" class=\"conrad-tulum-blog__media-image\" alt=\"Fondo Paradise en Tulum\" \/>\t\t\t\t\t<div class=\"conrad-tulum-blog__content\">\n\t\t\t\t\t\t<h2 class=\"conrad-tulum-blog__title is-box-title\">\n\t\t\t\t\t\t\t<a href=\"https:\/\/conradtulumrivieramaya.com\/es\/blog\/fondo-paraiso-en-tulum\/\">Fondo Paradise en Tulum<\/a>\n\t\t\t\t\t\t<\/h2>\n\t\t\t\t\t\t<div class=\"conrad-tulum-blog__description is-description\">\n\t\t\t\t\t\t\t<p>Imagine un lugar donde las aguas turquesas del mar Caribe se encuentran con la exuberante selva verde, donde el sonido de las olas suaves se mezcla con el susurro de las hojas de palma, y donde cada detalle de su estancia est\u00e1 dise\u00f1ado para la relajaci\u00f3n pura. Hemos encontrado en Conrad Tulum Riviera Maya el lugar feliz de nuestra familia. Para mi mujer, nuestro [...]<\/p>\n\t\t\t\t\t\t<\/div>\n\n\t\t\t\t\t\t<div class=\"conrad-tulum-blog__link-list\">\n\t\t\t\t\t\t\t<div class=\"conrad-tulum-blog__link-item\">\n\t\t\t\t\t\t\t\t<a href=\"https:\/\/conradtulumrivieramaya.com\/es\/blog\/fondo-paraiso-en-tulum\/\" class=\"resource__item-action-item-link is-action-link nice-button nice-button--is-regular\" rel=\"noopener\">\n\t\t\t\t\t\t\t\t\t<span class=\"nice-button__label\">Seguir leyendo<\/span>\n\t\t\t\t\t\t\t\t<\/a>\n\t\t\t\t\t\t\t<\/div>\n\t\t\t\t\t\t<\/div>\n\t\t\t\t\t<\/div>\n\t\t\t\t<\/div>\n\t\t\t\t\t\t<\/div>\n\n\t\t\n\t\t\n\t<\/div>\n\n\n\n<p><\/p>","protected":false},"excerpt":{"rendered":"","protected":false},"author":2,"featured_media":0,"parent":0,"menu_order":2,"comment_status":"closed","ping_status":"closed","template":"","meta":{"_acf_changed":false,"inline_featured_image":false,"footnotes":""},"class_list":["post-9630","page","type-page","status-publish","hentry"],"acf":[],"_links":{"self":[{"href":"https:\/\/conradtulumrivieramaya.com\/es\/wp-json\/wp\/v2\/pages\/9630","targetHints":{"allow":["GET"]}}],"collection":[{"href":"https:\/\/conradtulumrivieramaya.com\/es\/wp-json\/wp\/v2\/pages"}],"about":[{"href":"https:\/\/conradtulumrivieramaya.com\/es\/wp-json\/wp\/v2\/types\/page"}],"author":[{"embeddable":true,"href":"https:\/\/conradtulumrivieramaya.com\/es\/wp-json\/wp\/v2\/users\/2"}],"replies":[{"embeddable":true,"href":"https:\/\/conradtulumrivieramaya.com\/es\/wp-json\/wp\/v2\/comments?post=9630"}],"version-history":[{"count":38,"href":"https:\/\/conradtulumrivieramaya.com\/es\/wp-json\/wp\/v2\/pages\/9630\/revisions"}],"predecessor-version":[{"id":11474,"href":"https:\/\/conradtulumrivieramaya.com\/es\/wp-json\/wp\/v2\/pages\/9630\/revisions\/11474"}],"wp:attachment":[{"href":"https:\/\/conradtulumrivieramaya.com\/es\/wp-json\/wp\/v2\/media?parent=9630"}],"curies":[{"name":"wp","href":"https:\/\/api.w.org\/{rel}","templated":true}]}}