{"id":1477,"date":"2024-08-30T12:00:08","date_gmt":"2024-08-30T12:00:08","guid":{"rendered":"https:\/\/conradtulumrivieramaya.com\/?post_type=ct-restaurant&#038;p=1477"},"modified":"2026-02-18T22:11:42","modified_gmt":"2026-02-18T22:11:42","slug":"experiencias-culinarias","status":"publish","type":"ct-restaurant","link":"https:\/\/conradtulumrivieramaya.com\/es\/restaurantes-bares\/experiencias-culinarias\/","title":{"rendered":"CULTO A M\u00c9XICO (CuM\u00e9)"},"content":{"rendered":"<div\n\tclass=\"conrad-tulum-image-text conrad-tulum-image-text--minimalist conrad-tulum-image-text--show-media-on-right wp-block-conrad-tulum-image-text\" id=\"conrad-tulum-image-text-69f4b3228280f\">\n\n\t<div class=\"conrad-tulum-image-text__media\">\n\t\t<img loading=\"lazy\" decoding=\"async\" width=\"1066\" height=\"1600\" src=\"https:\/\/cdn.conradtulumrivieramaya.com\/wp-content\/uploads\/2024\/08\/18215648\/WhatsApp-Image-2026-02-11-at-5.38.28-PM.jpeg\" class=\"conrad-tulum-image-text__image\" alt=\"Chef Atala Olmos - CUME M de Maestras Culinarias\" srcset=\"https:\/\/cdn.conradtulumrivieramaya.com\/wp-content\/uploads\/2024\/08\/18215648\/WhatsApp-Image-2026-02-11-at-5.38.28-PM.jpeg 1066w, https:\/\/cdn.conradtulumrivieramaya.com\/wp-content\/uploads\/2024\/08\/18215648\/WhatsApp-Image-2026-02-11-at-5.38.28-PM-200x300.jpeg 200w, https:\/\/cdn.conradtulumrivieramaya.com\/wp-content\/uploads\/2024\/08\/18215648\/WhatsApp-Image-2026-02-11-at-5.38.28-PM-682x1024.jpeg 682w, https:\/\/cdn.conradtulumrivieramaya.com\/wp-content\/uploads\/2024\/08\/18215648\/WhatsApp-Image-2026-02-11-at-5.38.28-PM-768x1153.jpeg 768w, https:\/\/cdn.conradtulumrivieramaya.com\/wp-content\/uploads\/2024\/08\/18215648\/WhatsApp-Image-2026-02-11-at-5.38.28-PM-1023x1536.jpeg 1023w, https:\/\/cdn.conradtulumrivieramaya.com\/wp-content\/uploads\/2024\/08\/18215648\/WhatsApp-Image-2026-02-11-at-5.38.28-PM-8x12.jpeg 8w\" sizes=\"auto, (max-width: 1066px) 100vw, 1066px\" \/>\t<\/div>\n\n\t<div class=\"conrad-tulum-image-text__content\">\n\t\t<div class=\"conrad-tulum-image-text__content-wrapper\">\n\t\t\t<div class=\"conrad-tulum-image-text__category\">\n\t\t\t\t\t\t\t<\/div>\n\t\t\t\t\t\t\t<h2 class=\"conrad-tulum-image-text__title is-block-title\">Culto a M\u00e9xico: M de Maestras Culinarias<\/h2>\n\t\t\t\t\t\t\t\t\t\t<div class=\"conrad-tulum-image-text__description is-description\">\n\t\t\t\t\t<p><b><strong><em>M de Maestras Culinarias, <\/em>10 t<\/strong><\/b><b>h Edici\u00f3n<\/b><\/p>\n<p>Este mes de marzo, con motivo del Mes de la Historia de la Mujer, CuM\u00e9 rinde homenaje a todas las mujeres. A aquellas que nos inspiran, a aquellas que nos ense\u00f1an, a aquellas que defienden la cocina mexicana desde sus ra\u00edces hasta la vanguardia.<\/p>\n<p><strong>Fechas:<\/strong> 13 y 14 de marzo de 2026, de 18:00 a 23:00 horas.<\/p>\n<p><strong>Lugar:<\/strong> Autor.\u00a0 <strong>Precio:<\/strong> Men\u00fa de 5 platos: $2.088 MXN + cargo por servicio, <em>No incluye maridaje de vinos<\/em><\/p>\n<p><strong>Chef invitado:<\/strong> Atala Olmos, de la Ciudad de M\u00e9xico<\/p>\n\t\t\t\t<\/div>\n\t\t\t\n\t\t\t\t\t\t<div class=\"conrad-tulum-image-text__action__list is-action-list\">\n\t\t\t\t\t\t\t\t<div class=\"conrad-tulum-image-text__action__item is-action-item\">\n\t\t\t\t\t<a href=\"https:\/\/conradtulumrivieramaya.com\/es\/experiencias\/\" class=\"conrad-tulum-image-text__action__link is-action-link nice-button nice-button--is-featured\" target=\"_blank\">\n\t\t\t\t\t\t<span class=\"nice-button__label\">Reserva una mesa<\/span>\n\t\t\t\t\t<\/a>\n\t\t\t\t<\/div>\n\t\t\t\t\t\t\t\t\t<\/div>\n\t\t\t\t\t\t<\/div>\n\t<\/div>\n<\/div>\n\n\n\n<div style=\"height:100px\" aria-hidden=\"true\" class=\"wp-block-spacer\"><\/div>\n\n\n\n<div style=\"height:100px\" aria-hidden=\"true\" class=\"wp-block-spacer\"><\/div>\n\n\n\n<figure class=\"wp-block-gallery has-nested-images columns-default is-cropped wp-block-gallery-1 is-layout-flex wp-block-gallery-is-layout-flex\">\n<figure class=\"wp-block-image size-large\"><img loading=\"lazy\" decoding=\"async\" width=\"682\" height=\"1024\" data-id=\"11770\" src=\"https:\/\/cdn.conradtulumrivieramaya.com\/wp-content\/uploads\/2024\/08\/18215116\/WhatsApp-Image-2026-02-11-at-5.38.27-PM-682x1024.jpeg\" alt=\"\" class=\"wp-image-11770\" srcset=\"https:\/\/cdn.conradtulumrivieramaya.com\/wp-content\/uploads\/2024\/08\/18215116\/WhatsApp-Image-2026-02-11-at-5.38.27-PM-682x1024.jpeg 682w, https:\/\/cdn.conradtulumrivieramaya.com\/wp-content\/uploads\/2024\/08\/18215116\/WhatsApp-Image-2026-02-11-at-5.38.27-PM-200x300.jpeg 200w, https:\/\/cdn.conradtulumrivieramaya.com\/wp-content\/uploads\/2024\/08\/18215116\/WhatsApp-Image-2026-02-11-at-5.38.27-PM-768x1152.jpeg 768w, https:\/\/cdn.conradtulumrivieramaya.com\/wp-content\/uploads\/2024\/08\/18215116\/WhatsApp-Image-2026-02-11-at-5.38.27-PM-8x12.jpeg 8w, https:\/\/cdn.conradtulumrivieramaya.com\/wp-content\/uploads\/2024\/08\/18215116\/WhatsApp-Image-2026-02-11-at-5.38.27-PM.jpeg 853w\" sizes=\"auto, (max-width: 682px) 100vw, 682px\" \/><\/figure>\n\n\n\n<figure class=\"wp-block-image size-large\"><img loading=\"lazy\" decoding=\"async\" width=\"1024\" height=\"680\" data-id=\"11074\" src=\"https:\/\/cdn.conradtulumrivieramaya.com\/wp-content\/uploads\/2024\/08\/03111808\/Screenshot-2025-11-06-121646-1024x680.webp\" alt=\"Plato gourmet con salsa oscura, guarnici\u00f3n crujiente y dorada, y crema blanca en un cuenco de cer\u00e1mica sobre una silla de color beige\" class=\"wp-image-11074\" srcset=\"https:\/\/cdn.conradtulumrivieramaya.com\/wp-content\/uploads\/2024\/08\/03111808\/Screenshot-2025-11-06-121646-1024x680.webp 1024w, https:\/\/cdn.conradtulumrivieramaya.com\/wp-content\/uploads\/2024\/08\/03111808\/Screenshot-2025-11-06-121646-300x199.webp 300w, https:\/\/cdn.conradtulumrivieramaya.com\/wp-content\/uploads\/2024\/08\/03111808\/Screenshot-2025-11-06-121646-768x510.webp 768w, https:\/\/cdn.conradtulumrivieramaya.com\/wp-content\/uploads\/2024\/08\/03111808\/Screenshot-2025-11-06-121646-1536x1020.webp 1536w, https:\/\/cdn.conradtulumrivieramaya.com\/wp-content\/uploads\/2024\/08\/03111808\/Screenshot-2025-11-06-121646-18x12.webp 18w, https:\/\/cdn.conradtulumrivieramaya.com\/wp-content\/uploads\/2024\/08\/03111808\/Screenshot-2025-11-06-121646.webp 1920w\" sizes=\"auto, (max-width: 1024px) 100vw, 1024px\" \/><\/figure>\n\n\n\n<figure class=\"wp-block-image size-large\"><img loading=\"lazy\" decoding=\"async\" width=\"683\" height=\"1024\" data-id=\"11610\" src=\"https:\/\/cdn.conradtulumrivieramaya.com\/wp-content\/uploads\/2024\/08\/30114418\/2025-NOV-FOTO-CONRAD-TULUM-CUME-2669-min-683x1024.webp\" alt=\"Interpretaci\u00f3n gourmet de la cocina de Hanal Pix\u00e1n en CuM\u00e9, restaurante Autor, Conrad Tulum Riviera Maya\" class=\"wp-image-11610\" srcset=\"https:\/\/cdn.conradtulumrivieramaya.com\/wp-content\/uploads\/2024\/08\/30114418\/2025-NOV-FOTO-CONRAD-TULUM-CUME-2669-min-683x1024.webp 683w, https:\/\/cdn.conradtulumrivieramaya.com\/wp-content\/uploads\/2024\/08\/30114418\/2025-NOV-FOTO-CONRAD-TULUM-CUME-2669-min-200x300.webp 200w, https:\/\/cdn.conradtulumrivieramaya.com\/wp-content\/uploads\/2024\/08\/30114418\/2025-NOV-FOTO-CONRAD-TULUM-CUME-2669-min-768x1152.webp 768w, https:\/\/cdn.conradtulumrivieramaya.com\/wp-content\/uploads\/2024\/08\/30114418\/2025-NOV-FOTO-CONRAD-TULUM-CUME-2669-min-1024x1536.webp 1024w, https:\/\/cdn.conradtulumrivieramaya.com\/wp-content\/uploads\/2024\/08\/30114418\/2025-NOV-FOTO-CONRAD-TULUM-CUME-2669-min-8x12.webp 8w, https:\/\/cdn.conradtulumrivieramaya.com\/wp-content\/uploads\/2024\/08\/30114418\/2025-NOV-FOTO-CONRAD-TULUM-CUME-2669-min.webp 1280w\" sizes=\"auto, (max-width: 683px) 100vw, 683px\" \/><\/figure>\n\n\n\n<figure class=\"wp-block-image size-large\"><img loading=\"lazy\" decoding=\"async\" width=\"1024\" height=\"683\" data-id=\"11468\" src=\"https:\/\/cdn.conradtulumrivieramaya.com\/wp-content\/uploads\/2024\/08\/14154444\/2025-NOV-FOTO-CONRAD-TULUM-CUME-2671-min-scaled-1-1024x683.webp\" alt=\"Interpretaci\u00f3n gourmet de la cocina de Hanal Pix\u00e1n en CuM\u00e9, restaurante Autor, Conrad Tulum Riviera Maya\" class=\"wp-image-11468\" srcset=\"https:\/\/cdn.conradtulumrivieramaya.com\/wp-content\/uploads\/2024\/08\/14154444\/2025-NOV-FOTO-CONRAD-TULUM-CUME-2671-min-scaled-1-1024x683.webp 1024w, https:\/\/cdn.conradtulumrivieramaya.com\/wp-content\/uploads\/2024\/08\/14154444\/2025-NOV-FOTO-CONRAD-TULUM-CUME-2671-min-scaled-1-300x200.webp 300w, https:\/\/cdn.conradtulumrivieramaya.com\/wp-content\/uploads\/2024\/08\/14154444\/2025-NOV-FOTO-CONRAD-TULUM-CUME-2671-min-scaled-1-768x512.webp 768w, https:\/\/cdn.conradtulumrivieramaya.com\/wp-content\/uploads\/2024\/08\/14154444\/2025-NOV-FOTO-CONRAD-TULUM-CUME-2671-min-scaled-1-1536x1024.webp 1536w, https:\/\/cdn.conradtulumrivieramaya.com\/wp-content\/uploads\/2024\/08\/14154444\/2025-NOV-FOTO-CONRAD-TULUM-CUME-2671-min-scaled-1-18x12.webp 18w, https:\/\/cdn.conradtulumrivieramaya.com\/wp-content\/uploads\/2024\/08\/14154444\/2025-NOV-FOTO-CONRAD-TULUM-CUME-2671-min-scaled-1.webp 1920w\" sizes=\"auto, (max-width: 1024px) 100vw, 1024px\" \/><\/figure>\n\n\n\n<figure class=\"wp-block-image size-large\"><img loading=\"lazy\" decoding=\"async\" width=\"1024\" height=\"683\" data-id=\"11075\" src=\"https:\/\/cdn.conradtulumrivieramaya.com\/wp-content\/uploads\/2025\/12\/03112041\/RESTAUTE-AUTOR-CENA-CUME-1-1-1024x683.webp\" alt=\"Platillo gourmet en Conrad Tulum Riviera Maya con base cremosa, totopos crujientes, hierbas y salsa verti\u00e9ndose.\" class=\"wp-image-11075\" srcset=\"https:\/\/cdn.conradtulumrivieramaya.com\/wp-content\/uploads\/2025\/12\/03112041\/RESTAUTE-AUTOR-CENA-CUME-1-1-1024x683.webp 1024w, https:\/\/cdn.conradtulumrivieramaya.com\/wp-content\/uploads\/2025\/12\/03112041\/RESTAUTE-AUTOR-CENA-CUME-1-1-300x200.webp 300w, https:\/\/cdn.conradtulumrivieramaya.com\/wp-content\/uploads\/2025\/12\/03112041\/RESTAUTE-AUTOR-CENA-CUME-1-1-768x512.webp 768w, https:\/\/cdn.conradtulumrivieramaya.com\/wp-content\/uploads\/2025\/12\/03112041\/RESTAUTE-AUTOR-CENA-CUME-1-1-1536x1024.webp 1536w, https:\/\/cdn.conradtulumrivieramaya.com\/wp-content\/uploads\/2025\/12\/03112041\/RESTAUTE-AUTOR-CENA-CUME-1-1-18x12.webp 18w, https:\/\/cdn.conradtulumrivieramaya.com\/wp-content\/uploads\/2025\/12\/03112041\/RESTAUTE-AUTOR-CENA-CUME-1-1.webp 1920w\" sizes=\"auto, (max-width: 1024px) 100vw, 1024px\" \/><figcaption class=\"wp-element-caption\">Platillo gourmet en Conrad Tulum Riviera Maya con base cremosa, totopos crujientes, hierbas y salsa verti\u00e9ndose.<\/figcaption><\/figure>\n\n\n\n<figure class=\"wp-block-image size-large\"><img loading=\"lazy\" decoding=\"async\" width=\"1024\" height=\"677\" data-id=\"11063\" src=\"https:\/\/cdn.conradtulumrivieramaya.com\/wp-content\/uploads\/2024\/08\/03105617\/Screenshot-2025-11-06-121657-1024x677.webp\" alt=\"\" class=\"wp-image-11063\" srcset=\"https:\/\/cdn.conradtulumrivieramaya.com\/wp-content\/uploads\/2024\/08\/03105617\/Screenshot-2025-11-06-121657-1024x677.webp 1024w, https:\/\/cdn.conradtulumrivieramaya.com\/wp-content\/uploads\/2024\/08\/03105617\/Screenshot-2025-11-06-121657-300x198.webp 300w, https:\/\/cdn.conradtulumrivieramaya.com\/wp-content\/uploads\/2024\/08\/03105617\/Screenshot-2025-11-06-121657-768x508.webp 768w, https:\/\/cdn.conradtulumrivieramaya.com\/wp-content\/uploads\/2024\/08\/03105617\/Screenshot-2025-11-06-121657-1536x1015.webp 1536w, https:\/\/cdn.conradtulumrivieramaya.com\/wp-content\/uploads\/2024\/08\/03105617\/Screenshot-2025-11-06-121657-18x12.webp 18w, https:\/\/cdn.conradtulumrivieramaya.com\/wp-content\/uploads\/2024\/08\/03105617\/Screenshot-2025-11-06-121657.webp 1920w\" sizes=\"auto, (max-width: 1024px) 100vw, 1024px\" \/><\/figure>\n\n\n\n<figure class=\"wp-block-image size-large\"><img loading=\"lazy\" decoding=\"async\" width=\"681\" height=\"1024\" data-id=\"11126\" src=\"https:\/\/cdn.conradtulumrivieramaya.com\/wp-content\/uploads\/2024\/08\/03160601\/Screenshot-2025-10-30-105938-681x1024.webp\" alt=\"Una elegante experiencia culinaria en Autor, Conrad Tulum Riviera Maya.\" class=\"wp-image-11126\" srcset=\"https:\/\/cdn.conradtulumrivieramaya.com\/wp-content\/uploads\/2024\/08\/03160601\/Screenshot-2025-10-30-105938-681x1024.webp 681w, https:\/\/cdn.conradtulumrivieramaya.com\/wp-content\/uploads\/2024\/08\/03160601\/Screenshot-2025-10-30-105938-200x300.webp 200w, https:\/\/cdn.conradtulumrivieramaya.com\/wp-content\/uploads\/2024\/08\/03160601\/Screenshot-2025-10-30-105938-8x12.webp 8w, https:\/\/cdn.conradtulumrivieramaya.com\/wp-content\/uploads\/2024\/08\/03160601\/Screenshot-2025-10-30-105938.webp 723w\" sizes=\"auto, (max-width: 681px) 100vw, 681px\" \/><\/figure>\n\n\n\n<figure class=\"wp-block-image size-large\"><img loading=\"lazy\" decoding=\"async\" width=\"1024\" height=\"678\" data-id=\"11077\" src=\"https:\/\/cdn.conradtulumrivieramaya.com\/wp-content\/uploads\/2024\/08\/03112210\/Screenshot-2025-11-06-121832-1024x678.webp\" alt=\"Interpretaci\u00f3n gourmet de la cocina de Hanal Pix\u00e1n en CuM\u00e9, restaurante Autor, Conrad Tulum Riviera Maya\" class=\"wp-image-11077\" srcset=\"https:\/\/cdn.conradtulumrivieramaya.com\/wp-content\/uploads\/2024\/08\/03112210\/Screenshot-2025-11-06-121832-1024x678.webp 1024w, https:\/\/cdn.conradtulumrivieramaya.com\/wp-content\/uploads\/2024\/08\/03112210\/Screenshot-2025-11-06-121832-300x199.webp 300w, https:\/\/cdn.conradtulumrivieramaya.com\/wp-content\/uploads\/2024\/08\/03112210\/Screenshot-2025-11-06-121832-768x509.webp 768w, https:\/\/cdn.conradtulumrivieramaya.com\/wp-content\/uploads\/2024\/08\/03112210\/Screenshot-2025-11-06-121832-1536x1018.webp 1536w, https:\/\/cdn.conradtulumrivieramaya.com\/wp-content\/uploads\/2024\/08\/03112210\/Screenshot-2025-11-06-121832-18x12.webp 18w, https:\/\/cdn.conradtulumrivieramaya.com\/wp-content\/uploads\/2024\/08\/03112210\/Screenshot-2025-11-06-121832.webp 1920w\" sizes=\"auto, (max-width: 1024px) 100vw, 1024px\" \/><\/figure>\n\n\n\n<figure class=\"wp-block-image size-large\"><img loading=\"lazy\" decoding=\"async\" width=\"1024\" height=\"683\" data-id=\"11687\" src=\"https:\/\/cdn.conradtulumrivieramaya.com\/wp-content\/uploads\/2024\/08\/03163349\/2025-AGOSTO-FOTO-CONRAD-TUL-AUTOR-0919-min-scaled-1-1024x683.webp\" alt=\"Una elegante experiencia culinaria en Autor, Conrad Tulum Riviera Maya.\" class=\"wp-image-11687\" srcset=\"https:\/\/cdn.conradtulumrivieramaya.com\/wp-content\/uploads\/2024\/08\/03163349\/2025-AGOSTO-FOTO-CONRAD-TUL-AUTOR-0919-min-scaled-1-1024x683.webp 1024w, https:\/\/cdn.conradtulumrivieramaya.com\/wp-content\/uploads\/2024\/08\/03163349\/2025-AGOSTO-FOTO-CONRAD-TUL-AUTOR-0919-min-scaled-1-300x200.webp 300w, https:\/\/cdn.conradtulumrivieramaya.com\/wp-content\/uploads\/2024\/08\/03163349\/2025-AGOSTO-FOTO-CONRAD-TUL-AUTOR-0919-min-scaled-1-768x512.webp 768w, https:\/\/cdn.conradtulumrivieramaya.com\/wp-content\/uploads\/2024\/08\/03163349\/2025-AGOSTO-FOTO-CONRAD-TUL-AUTOR-0919-min-scaled-1-1536x1024.webp 1536w, https:\/\/cdn.conradtulumrivieramaya.com\/wp-content\/uploads\/2024\/08\/03163349\/2025-AGOSTO-FOTO-CONRAD-TUL-AUTOR-0919-min-scaled-1-18x12.webp 18w, https:\/\/cdn.conradtulumrivieramaya.com\/wp-content\/uploads\/2024\/08\/03163349\/2025-AGOSTO-FOTO-CONRAD-TUL-AUTOR-0919-min-scaled-1.webp 1920w\" sizes=\"auto, (max-width: 1024px) 100vw, 1024px\" \/><\/figure>\n<\/figure>\n\n\n\n<p><\/p>","protected":false},"template":"","class_list":["post-1477","ct-restaurant","type-ct-restaurant","status-publish","hentry"],"acf":[],"_links":{"self":[{"href":"https:\/\/conradtulumrivieramaya.com\/es\/wp-json\/wp\/v2\/restaurant\/1477","targetHints":{"allow":["GET"]}}],"collection":[{"href":"https:\/\/conradtulumrivieramaya.com\/es\/wp-json\/wp\/v2\/restaurant"}],"about":[{"href":"https:\/\/conradtulumrivieramaya.com\/es\/wp-json\/wp\/v2\/types\/ct-restaurant"}],"wp:attachment":[{"href":"https:\/\/conradtulumrivieramaya.com\/es\/wp-json\/wp\/v2\/media?parent=1477"}],"curies":[{"name":"wp","href":"https:\/\/api.w.org\/{rel}","templated":true}]}}