{"id":417,"date":"2024-08-30T12:52:48","date_gmt":"2024-08-30T12:52:48","guid":{"rendered":"https:\/\/conradtulumrivieramaya.com\/?post_type=ct-restaurant&#038;p=417"},"modified":"2026-03-20T11:46:28","modified_gmt":"2026-03-20T11:46:28","slug":"kengai","status":"publish","type":"ct-restaurant","link":"https:\/\/conradtulumrivieramaya.com\/es\/restaurantes-bares\/kengai\/","title":{"rendered":"KENGAI"},"content":{"rendered":"<div\n\tstyle=\"margin-bottom:var(--wp--preset--spacing--regular);\" class=\"conrad-tulum-image-text conrad-tulum-image-text--prominent conrad-tulum-image-text--show-media-on-left wp-block-conrad-tulum-image-text\" id=\"conrad-tulum-image-text-69f491d30d701\">\n\n\t<div class=\"conrad-tulum-image-text__media\">\n\t\t<img loading=\"lazy\" decoding=\"async\" width=\"1920\" height=\"1280\" src=\"https:\/\/cdn.conradtulumrivieramaya.com\/wp-content\/uploads\/2024\/08\/30105127\/Chef-Thare-Osorio-Kengai.webp\" class=\"conrad-tulum-image-text__image\" alt=\"Chef Thare Osorio con uniforme gris, brazos cruzados en la cocina de Kengai con iluminaci\u00f3n c\u00e1lida y decoraci\u00f3n de lujo.\" srcset=\"https:\/\/cdn.conradtulumrivieramaya.com\/wp-content\/uploads\/2024\/08\/30105127\/Chef-Thare-Osorio-Kengai.webp 1920w, https:\/\/cdn.conradtulumrivieramaya.com\/wp-content\/uploads\/2024\/08\/30105127\/Chef-Thare-Osorio-Kengai-300x200.webp 300w, https:\/\/cdn.conradtulumrivieramaya.com\/wp-content\/uploads\/2024\/08\/30105127\/Chef-Thare-Osorio-Kengai-1024x683.webp 1024w, https:\/\/cdn.conradtulumrivieramaya.com\/wp-content\/uploads\/2024\/08\/30105127\/Chef-Thare-Osorio-Kengai-768x512.webp 768w, https:\/\/cdn.conradtulumrivieramaya.com\/wp-content\/uploads\/2024\/08\/30105127\/Chef-Thare-Osorio-Kengai-1536x1024.webp 1536w, https:\/\/cdn.conradtulumrivieramaya.com\/wp-content\/uploads\/2024\/08\/30105127\/Chef-Thare-Osorio-Kengai-18x12.webp 18w\" sizes=\"auto, (max-width: 1920px) 100vw, 1920px\" \/>\t<\/div>\n\n\t<div class=\"conrad-tulum-image-text__content\">\n\t\t<div class=\"conrad-tulum-image-text__content-wrapper\">\n\t\t\t<div class=\"conrad-tulum-image-text__category\">\n\t\t\t\t\t\t\t\t<div class=\"conrad-tulum-image-text__category-list is-category-list\">\n\t\t\t\t\t\t\t\t\t\t<div class=\"conrad-tulum-image-text__category-item is-subtitle\">\n\t\t\t\t\t\tConozca a nuestro Chef\t\t\t\t\t<\/div>\n\t\t\t\t\t\t\t\t\t\t\t<\/div>\n\t\t\t\t\t\t\t\t<\/div>\n\t\t\t\t\t\t\t<h2 class=\"conrad-tulum-image-text__title is-block-title\">Thare Osorio<\/h2>\n\t\t\t\t\t\t\t\t\t\t<div class=\"conrad-tulum-image-text__description is-description\">\n\t\t\t\t\t<p><span style=\"font-weight: 400\">Desde ni\u00f1o, Chef Osorio, nacido en Veracruz, ha canalizado su creatividad y emociones a trav\u00e9s de su cocina. Su amor por los ingredientes mexicanos vibrantes y de temporada, as\u00ed como su aceptaci\u00f3n de la diversidad culinaria, transportan a los comensales a Asia en una experiencia gastron\u00f3mica moderna y aut\u00e9ntica.<\/span><\/p>\n\t\t\t\t<\/div>\n\t\t\t\n\t\t\t\t\t<\/div>\n\t<\/div>\n<\/div>\n\n\n\n<figure class=\"wp-block-gallery has-nested-images columns-default is-cropped wp-block-gallery-1 is-layout-flex wp-block-gallery-is-layout-flex\">\n<figure class=\"wp-block-image size-large\"><img loading=\"lazy\" decoding=\"async\" width=\"1024\" height=\"683\" data-id=\"11463\" src=\"https:\/\/cdn.conradtulumrivieramaya.com\/wp-content\/uploads\/2024\/08\/14153338\/2025-ABR-FOTO-CONRAD-TUL-KENGAI-PLATILLOS-06-min-1-scaled-1-1024x683.webp\" alt=\"Brochetas de pollo a la parrilla con hierbas, zanahorias en julianas y c\u00f3ctel c\u00edtrico servidas en Kengai, Conrad Tulum.\" class=\"wp-image-11463\" srcset=\"https:\/\/cdn.conradtulumrivieramaya.com\/wp-content\/uploads\/2024\/08\/14153338\/2025-ABR-FOTO-CONRAD-TUL-KENGAI-PLATILLOS-06-min-1-scaled-1-1024x683.webp 1024w, https:\/\/cdn.conradtulumrivieramaya.com\/wp-content\/uploads\/2024\/08\/14153338\/2025-ABR-FOTO-CONRAD-TUL-KENGAI-PLATILLOS-06-min-1-scaled-1-300x200.webp 300w, https:\/\/cdn.conradtulumrivieramaya.com\/wp-content\/uploads\/2024\/08\/14153338\/2025-ABR-FOTO-CONRAD-TUL-KENGAI-PLATILLOS-06-min-1-scaled-1-768x512.webp 768w, https:\/\/cdn.conradtulumrivieramaya.com\/wp-content\/uploads\/2024\/08\/14153338\/2025-ABR-FOTO-CONRAD-TUL-KENGAI-PLATILLOS-06-min-1-scaled-1-1536x1024.webp 1536w, https:\/\/cdn.conradtulumrivieramaya.com\/wp-content\/uploads\/2024\/08\/14153338\/2025-ABR-FOTO-CONRAD-TUL-KENGAI-PLATILLOS-06-min-1-scaled-1-18x12.webp 18w, https:\/\/cdn.conradtulumrivieramaya.com\/wp-content\/uploads\/2024\/08\/14153338\/2025-ABR-FOTO-CONRAD-TUL-KENGAI-PLATILLOS-06-min-1-scaled-1.webp 1920w\" sizes=\"auto, (max-width: 1024px) 100vw, 1024px\" \/><\/figure>\n\n\n\n<figure class=\"wp-block-image size-large\"><img loading=\"lazy\" decoding=\"async\" width=\"1024\" height=\"683\" data-id=\"11577\" src=\"https:\/\/cdn.conradtulumrivieramaya.com\/wp-content\/uploads\/2024\/08\/30104735\/2025-SEP-FOTO-Conrad-Platillos-Septiembre1193-min-1-1024x683.webp\" alt=\"Curry rojo tailand\u00e9s servido en Kengai, prote\u00edna sellada con verduras frescas, cebollas encurtidas y salsa rica en plato de cer\u00e1mica negro.\" class=\"wp-image-11577\" srcset=\"https:\/\/cdn.conradtulumrivieramaya.com\/wp-content\/uploads\/2024\/08\/30104735\/2025-SEP-FOTO-Conrad-Platillos-Septiembre1193-min-1-1024x683.webp 1024w, https:\/\/cdn.conradtulumrivieramaya.com\/wp-content\/uploads\/2024\/08\/30104735\/2025-SEP-FOTO-Conrad-Platillos-Septiembre1193-min-1-300x200.webp 300w, https:\/\/cdn.conradtulumrivieramaya.com\/wp-content\/uploads\/2024\/08\/30104735\/2025-SEP-FOTO-Conrad-Platillos-Septiembre1193-min-1-768x512.webp 768w, https:\/\/cdn.conradtulumrivieramaya.com\/wp-content\/uploads\/2024\/08\/30104735\/2025-SEP-FOTO-Conrad-Platillos-Septiembre1193-min-1-1536x1024.webp 1536w, https:\/\/cdn.conradtulumrivieramaya.com\/wp-content\/uploads\/2024\/08\/30104735\/2025-SEP-FOTO-Conrad-Platillos-Septiembre1193-min-1-18x12.webp 18w, https:\/\/cdn.conradtulumrivieramaya.com\/wp-content\/uploads\/2024\/08\/30104735\/2025-SEP-FOTO-Conrad-Platillos-Septiembre1193-min-1.webp 1920w\" sizes=\"auto, (max-width: 1024px) 100vw, 1024px\" \/><\/figure>\n\n\n\n<figure class=\"wp-block-image size-large\"><img loading=\"lazy\" decoding=\"async\" width=\"1024\" height=\"683\" data-id=\"10675\" src=\"https:\/\/cdn.conradtulumrivieramaya.com\/wp-content\/uploads\/2024\/08\/30172005\/2025-ABR-FOTO-CONRAD-TUL-KENGAI-PLATILLOS-12-min-1-1024x683.jpg\" alt=\"\" class=\"wp-image-10675\" srcset=\"https:\/\/cdn.conradtulumrivieramaya.com\/wp-content\/uploads\/2024\/08\/30172005\/2025-ABR-FOTO-CONRAD-TUL-KENGAI-PLATILLOS-12-min-1-1024x683.jpg 1024w, https:\/\/cdn.conradtulumrivieramaya.com\/wp-content\/uploads\/2024\/08\/30172005\/2025-ABR-FOTO-CONRAD-TUL-KENGAI-PLATILLOS-12-min-1-300x200.jpg 300w, https:\/\/cdn.conradtulumrivieramaya.com\/wp-content\/uploads\/2024\/08\/30172005\/2025-ABR-FOTO-CONRAD-TUL-KENGAI-PLATILLOS-12-min-1-768x512.jpg 768w, https:\/\/cdn.conradtulumrivieramaya.com\/wp-content\/uploads\/2024\/08\/30172005\/2025-ABR-FOTO-CONRAD-TUL-KENGAI-PLATILLOS-12-min-1-1536x1024.jpg 1536w, https:\/\/cdn.conradtulumrivieramaya.com\/wp-content\/uploads\/2024\/08\/30172005\/2025-ABR-FOTO-CONRAD-TUL-KENGAI-PLATILLOS-12-min-1-2048x1365.jpg 2048w, https:\/\/cdn.conradtulumrivieramaya.com\/wp-content\/uploads\/2024\/08\/30172005\/2025-ABR-FOTO-CONRAD-TUL-KENGAI-PLATILLOS-12-min-1-18x12.jpg 18w\" sizes=\"auto, (max-width: 1024px) 100vw, 1024px\" \/><\/figure>\n\n\n\n<figure class=\"wp-block-image size-large\"><img loading=\"lazy\" decoding=\"async\" width=\"1024\" height=\"683\" data-id=\"11570\" src=\"https:\/\/cdn.conradtulumrivieramaya.com\/wp-content\/uploads\/2024\/08\/29183804\/2025-SEP-FOTO-Conrad-Platillos-Septiembre1197-min-1-1024x683.webp\" alt=\"Bu\u00f1uelos servidos en Kengai, Conrad Tulum Riviera Maya.\" class=\"wp-image-11570\" srcset=\"https:\/\/cdn.conradtulumrivieramaya.com\/wp-content\/uploads\/2024\/08\/29183804\/2025-SEP-FOTO-Conrad-Platillos-Septiembre1197-min-1-1024x683.webp 1024w, https:\/\/cdn.conradtulumrivieramaya.com\/wp-content\/uploads\/2024\/08\/29183804\/2025-SEP-FOTO-Conrad-Platillos-Septiembre1197-min-1-300x200.webp 300w, https:\/\/cdn.conradtulumrivieramaya.com\/wp-content\/uploads\/2024\/08\/29183804\/2025-SEP-FOTO-Conrad-Platillos-Septiembre1197-min-1-768x512.webp 768w, https:\/\/cdn.conradtulumrivieramaya.com\/wp-content\/uploads\/2024\/08\/29183804\/2025-SEP-FOTO-Conrad-Platillos-Septiembre1197-min-1-1536x1024.webp 1536w, https:\/\/cdn.conradtulumrivieramaya.com\/wp-content\/uploads\/2024\/08\/29183804\/2025-SEP-FOTO-Conrad-Platillos-Septiembre1197-min-1-18x12.webp 18w, https:\/\/cdn.conradtulumrivieramaya.com\/wp-content\/uploads\/2024\/08\/29183804\/2025-SEP-FOTO-Conrad-Platillos-Septiembre1197-min-1.webp 1920w\" sizes=\"auto, (max-width: 1024px) 100vw, 1024px\" \/><\/figure>\n\n\n\n<figure class=\"wp-block-image size-large\"><img loading=\"lazy\" decoding=\"async\" width=\"1024\" height=\"683\" data-id=\"11485\" src=\"https:\/\/cdn.conradtulumrivieramaya.com\/wp-content\/uploads\/2024\/08\/14162812\/2025-SEP-FOTO-Conrad-Platillos-Septiembre1200-min-1-scaled-1-1024x683.webp\" alt=\"Pad Thai servido en Kengai, Conrad Tulum Riviera Maya.\" class=\"wp-image-11485\" srcset=\"https:\/\/cdn.conradtulumrivieramaya.com\/wp-content\/uploads\/2024\/08\/14162812\/2025-SEP-FOTO-Conrad-Platillos-Septiembre1200-min-1-scaled-1-1024x683.webp 1024w, https:\/\/cdn.conradtulumrivieramaya.com\/wp-content\/uploads\/2024\/08\/14162812\/2025-SEP-FOTO-Conrad-Platillos-Septiembre1200-min-1-scaled-1-300x200.webp 300w, https:\/\/cdn.conradtulumrivieramaya.com\/wp-content\/uploads\/2024\/08\/14162812\/2025-SEP-FOTO-Conrad-Platillos-Septiembre1200-min-1-scaled-1-768x512.webp 768w, https:\/\/cdn.conradtulumrivieramaya.com\/wp-content\/uploads\/2024\/08\/14162812\/2025-SEP-FOTO-Conrad-Platillos-Septiembre1200-min-1-scaled-1-1536x1024.webp 1536w, https:\/\/cdn.conradtulumrivieramaya.com\/wp-content\/uploads\/2024\/08\/14162812\/2025-SEP-FOTO-Conrad-Platillos-Septiembre1200-min-1-scaled-1-18x12.webp 18w, https:\/\/cdn.conradtulumrivieramaya.com\/wp-content\/uploads\/2024\/08\/14162812\/2025-SEP-FOTO-Conrad-Platillos-Septiembre1200-min-1-scaled-1.webp 1920w\" sizes=\"auto, (max-width: 1024px) 100vw, 1024px\" \/><\/figure>\n\n\n\n<figure class=\"wp-block-image size-large\"><img loading=\"lazy\" decoding=\"async\" width=\"1024\" height=\"683\" data-id=\"11508\" src=\"https:\/\/cdn.conradtulumrivieramaya.com\/wp-content\/uploads\/2024\/08\/29124353\/2025-SEP-FOTO-Conrad-Platillos-Septiembre1216-min-1-1024x683.webp\" alt=\"Platos gourmet servidos en Kengai, Conrad Tulum Riviera Maya.\" class=\"wp-image-11508\" srcset=\"https:\/\/cdn.conradtulumrivieramaya.com\/wp-content\/uploads\/2024\/08\/29124353\/2025-SEP-FOTO-Conrad-Platillos-Septiembre1216-min-1-1024x683.webp 1024w, https:\/\/cdn.conradtulumrivieramaya.com\/wp-content\/uploads\/2024\/08\/29124353\/2025-SEP-FOTO-Conrad-Platillos-Septiembre1216-min-1-300x200.webp 300w, https:\/\/cdn.conradtulumrivieramaya.com\/wp-content\/uploads\/2024\/08\/29124353\/2025-SEP-FOTO-Conrad-Platillos-Septiembre1216-min-1-768x512.webp 768w, https:\/\/cdn.conradtulumrivieramaya.com\/wp-content\/uploads\/2024\/08\/29124353\/2025-SEP-FOTO-Conrad-Platillos-Septiembre1216-min-1-1536x1024.webp 1536w, https:\/\/cdn.conradtulumrivieramaya.com\/wp-content\/uploads\/2024\/08\/29124353\/2025-SEP-FOTO-Conrad-Platillos-Septiembre1216-min-1-18x12.webp 18w, https:\/\/cdn.conradtulumrivieramaya.com\/wp-content\/uploads\/2024\/08\/29124353\/2025-SEP-FOTO-Conrad-Platillos-Septiembre1216-min-1.webp 1920w\" sizes=\"auto, (max-width: 1024px) 100vw, 1024px\" \/><\/figure>\n<\/figure>\n\n\n\n<div style=\"height:100px\" aria-hidden=\"true\" class=\"wp-block-spacer\"><\/div>\n\n\n\n<div style=\"height:100px\" aria-hidden=\"true\" class=\"wp-block-spacer\"><\/div>\n\n\n\n<div\n\tstyle=\"margin-bottom:var(--wp--preset--spacing--regular);\" class=\"conrad-tulum-image-text conrad-tulum-image-text--regular conrad-tulum-image-text--show-media-on-left wp-block-conrad-tulum-image-text\" id=\"conrad-tulum-image-text-69f491d312b13\">\n\n\t<div class=\"conrad-tulum-image-text__media\">\n\t\t<img loading=\"lazy\" decoding=\"async\" width=\"1920\" height=\"1920\" src=\"https:\/\/cdn.conradtulumrivieramaya.com\/wp-content\/uploads\/2024\/08\/03174845\/Kengai-Febrero-0010.webp\" class=\"conrad-tulum-image-text__image\" alt=\"Parrillada colorida de fusi\u00f3n asi\u00e1tica con bollos bao, tazones de fideos, carne deshebrada y c\u00f3cteles vibrantes en una mesa compartida.\" srcset=\"https:\/\/cdn.conradtulumrivieramaya.com\/wp-content\/uploads\/2024\/08\/03174845\/Kengai-Febrero-0010.webp 1920w, https:\/\/cdn.conradtulumrivieramaya.com\/wp-content\/uploads\/2024\/08\/03174845\/Kengai-Febrero-0010-300x300.webp 300w, https:\/\/cdn.conradtulumrivieramaya.com\/wp-content\/uploads\/2024\/08\/03174845\/Kengai-Febrero-0010-1024x1024.webp 1024w, https:\/\/cdn.conradtulumrivieramaya.com\/wp-content\/uploads\/2024\/08\/03174845\/Kengai-Febrero-0010-150x150.webp 150w, https:\/\/cdn.conradtulumrivieramaya.com\/wp-content\/uploads\/2024\/08\/03174845\/Kengai-Febrero-0010-768x768.webp 768w, https:\/\/cdn.conradtulumrivieramaya.com\/wp-content\/uploads\/2024\/08\/03174845\/Kengai-Febrero-0010-1536x1536.webp 1536w, https:\/\/cdn.conradtulumrivieramaya.com\/wp-content\/uploads\/2024\/08\/03174845\/Kengai-Febrero-0010-12x12.webp 12w\" sizes=\"auto, (max-width: 1920px) 100vw, 1920px\" \/>\t<\/div>\n\n\t<div class=\"conrad-tulum-image-text__content\">\n\t\t<div class=\"conrad-tulum-image-text__content-wrapper\">\n\t\t\t<div class=\"conrad-tulum-image-text__category\">\n\t\t\t\t\t\t\t<\/div>\n\t\t\t\t\t\t\t<h2 class=\"conrad-tulum-image-text__title is-block-title\">Experiencias culinarias<\/h2>\n\t\t\t\t\t\t\t\t\t\t<div class=\"conrad-tulum-image-text__description is-description\">\n\t\t\t\t\t<p><span style=\"font-weight: 400\">Atraviese el largo t\u00fanel de bamb\u00fa y disfrute en primera fila del espect\u00e1culo m\u00e1s emocionante de la ciudad: su cena. En el restaurante japon\u00e9s Kengai de Tulum, el marisco fresco, los deliciosos cortes de carne y las verduras aut\u00f3ctonas se cocinan a la parrilla teppanyaki en una cocina abierta, preparando el escenario para una comida inolvidable.<\/span><\/p>\n\t\t\t\t<\/div>\n\t\t\t\n\t\t\t\t\t\t<div class=\"conrad-tulum-image-text__action__list is-action-list\">\n\t\t\t\t\t\t\t\t<div class=\"conrad-tulum-image-text__action__item is-action-item\">\n\t\t\t\t\t<a href=\"#\" class=\"conrad-tulum-image-text__action__link is-action-link nice-button nice-button--is-regular\" target=\"\">\n\t\t\t\t\t\t<span class=\"nice-button__label\">M\u00e1s Informaci\u00f3n<\/span>\n\t\t\t\t\t<\/a>\n\t\t\t\t<\/div>\n\t\t\t\t\t\t\t\t\t<\/div>\n\t\t\t\t\t\t<\/div>\n\t<\/div>\n<\/div>","protected":false},"template":"","class_list":["post-417","ct-restaurant","type-ct-restaurant","status-publish","hentry"],"acf":[],"_links":{"self":[{"href":"https:\/\/conradtulumrivieramaya.com\/es\/wp-json\/wp\/v2\/restaurant\/417","targetHints":{"allow":["GET"]}}],"collection":[{"href":"https:\/\/conradtulumrivieramaya.com\/es\/wp-json\/wp\/v2\/restaurant"}],"about":[{"href":"https:\/\/conradtulumrivieramaya.com\/es\/wp-json\/wp\/v2\/types\/ct-restaurant"}],"wp:attachment":[{"href":"https:\/\/conradtulumrivieramaya.com\/es\/wp-json\/wp\/v2\/media?parent=417"}],"curies":[{"name":"wp","href":"https:\/\/api.w.org\/{rel}","templated":true}]}}